{"id":3288,"date":"2026-08-25T16:58:29","date_gmt":"2026-08-25T13:58:29","guid":{"rendered":"https:\/\/antalyaturizmfuari.com\/?page_id=3288"},"modified":"2026-09-01T17:18:16","modified_gmt":"2026-09-01T14:18:16","slug":"%d0%bf%d1%80%d0%b5%d0%bc%d0%b8%d1%8f-%d0%b2-%d0%be%d0%b1%d0%bb%d0%b0%d1%81%d1%82%d0%b8-%d1%82%d1%83%d1%80%d0%b8%d1%81%d1%82%d0%b8%d1%87%d0%b5%d1%81%d0%ba%d0%b8%d1%85-%d1%81%d0%bc%d0%b8-2026-%d0%b3","status":"publish","type":"page","link":"https:\/\/atfantalya.com\/ru\/turizm-medya-odulleri-2026\/","title":{"rendered":"\u041f\u0440\u0435\u043c\u0438\u044f \u0432 \u043e\u0431\u043b\u0430\u0441\u0442\u0438 \u0442\u0443\u0440\u0438\u0441\u0442\u0438\u0447\u0435\u0441\u043a\u0438\u0445 \u0421\u041c\u0418 2026 \u0433\u043e\u0434\u0430"},"content":{"rendered":"<style>.atf-tmo{--r:#DF0A13;--r2:#ED1B23;--ink:#101014;--mut:#63636B;--ln:#E6E6EA;--bg:#F7F7F9;color:var(--ink);line-height:1.65;font-size:16px}.atf-tmo *{box-sizing:border-box}.atf-tmo p{margin:0 0 14px}.atf-tmo h2,.atf-tmo h3,.atf-tmo h4{margin:0 0 12px;line-height:1.15;color:var(--ink)}.atf-tmo a{color:var(--r)}.atf-hero{background:#0C0C0F;background-image:radial-gradient(120% 90% at 88% 8%,rgba(223,10,19,.55) 0%,rgba(223,10,19,0) 58%);color:#fff;border-radius:22px;padding:56px 44px 44px;position:relative;overflow:hidden}.atf-hero:before{content:\"\";position:absolute;left:0;top:0;bottom:0;width:6px;background:linear-gradient(180deg,var(--r2),var(--r))}.atf-eyebrow{display:inline-block;font-size:12px;letter-spacing:.22em;text-transform:uppercase;font-weight:700;color:#fff;background:var(--r);padding:7px 14px;border-radius:999px;margin-bottom:22px}.atf-hero h1{font-size:clamp(30px,5vw,58px);font-weight:900;letter-spacing:-.02em;line-height:1.04;margin:0 0 12px;color:#fff;text-transform:uppercase}.atf-hero h1 em{font-style:normal;color:var(--r2)}.atf-sub{font-size:clamp(16px,2vw,21px);font-weight:600;color:#fff;opacity:.95;margin:0 0 18px}.atf-lead{font-size:16.5px;color:#D9D9DE;max-width:760px;margin:0 0 30px}.atf-facts{display:grid;grid-template-columns:repeat(4,1fr);gap:1px;background:rgba(255,255,255,.14);border:1px solid rgba(255,255,255,.14);border-radius:14px;overflow:hidden;margin-bottom:30px}.atf-facts div{background:#121216;padding:16px 18px}.atf-facts span{display:block;font-size:11px;letter-spacing:.16em;text-transform:uppercase;color:#9A9AA3;margin-bottom:6px;font-weight:700}.atf-facts b{font-size:15px;color:#fff;font-weight:700}.atf-btns{display:flex;flex-wrap:wrap;gap:12px}.atf-btn{display:inline-block;padding:15px 28px;border-radius:999px;font-weight:800;font-size:14px;letter-spacing:.06em;text-transform:uppercase;text-decoration:none;transition:.2s}.atf-tmo a.atf-btn-p{background:var(--r);color:#fff}.atf-tmo a.atf-btn-p:hover{background:var(--r2);transform:translateY(-2px)}.atf-tmo a.atf-btn-g{border:1.5px solid rgba(255,255,255,.35);color:#fff}.atf-tmo a.atf-btn-g:hover{border-color:#fff;background:rgba(255,255,255,.08)}.atf-sec{padding:58px 0 0}.atf-num{display:flex;align-items:center;gap:14px;margin-bottom:10px}.atf-num i{font-style:normal;font-size:12px;font-weight:900;letter-spacing:.14em;color:var(--r)}.atf-num s{text-decoration:none;flex:1;height:1px;background:var(--ln)}.atf-sec h2{font-size:clamp(24px,3.4vw,36px);font-weight:900;letter-spacing:-.015em;text-transform:uppercase}.atf-sec p.atf-intro{color:var(--mut);max-width:820px;font-size:16.5px;margin-bottom:26px}.atf-grid{display:grid;gap:18px}.atf-g2{grid-template-columns:repeat(2,1fr)}.atf-g3{grid-template-columns:repeat(3,1fr)}.atf-g4{grid-template-columns:repeat(4,1fr)}.atf-card{background:#fff;border:1px solid var(--ln);border-radius:16px;padding:26px 24px;position:relative;transition:.2s}.atf-card:hover{border-color:#D6D6DC;box-shadow:0 14px 34px rgba(16,16,20,.08);transform:translateY(-3px)}.atf-card:before{content:\"\";position:absolute;left:24px;top:0;width:38px;height:4px;background:var(--r);border-radius:0 0 4px 4px}.atf-card h3{font-size:19px;font-weight:800;margin-top:8px}.atf-card p{color:var(--mut);font-size:15px;margin:0}.atf-tag{display:inline-block;font-size:11px;font-weight:800;letter-spacing:.14em;text-transform:uppercase;color:var(--r);margin-bottom:6px}.atf-branch{position:relative;display:flex;flex-direction:column;background:#fff;border:1px solid var(--ln);border-top:4px solid var(--r);border-radius:16px;padding:32px 28px;transition:.2s}.atf-branch:hover{box-shadow:0 16px 40px rgba(16,16,20,.1);transform:translateY(-4px)}.atf-branch .k{display:block;font-size:11px;font-weight:900;letter-spacing:.16em;text-transform:uppercase;color:var(--r);margin-bottom:10px}.atf-branch h3{font-size:27px;font-weight:900;letter-spacing:-.01em;margin-bottom:10px}.atf-branch .d{font-size:15.5px;color:var(--mut);margin:0}.atf-branch .cats{font-size:14.5px;color:var(--mut);line-height:1.95;margin:16px 0 20px;padding-top:16px;border-top:1px solid var(--ln)}.atf-tmo a.atf-go{margin-top:auto;align-self:flex-start;font-weight:800;font-size:13px;letter-spacing:.08em;text-transform:uppercase;color:var(--r);text-decoration:none}.atf-tmo a.atf-go:after{content:\"\";position:absolute;left:0;top:0;right:0;bottom:0}.atf-branch:hover .atf-go{color:var(--r2)}.atf-stats{display:grid;grid-template-columns:repeat(4,1fr);gap:1px;background:#26262C;border-radius:18px;overflow:hidden}.atf-stats div{background:#101014;padding:26px 22px}.atf-stats b{display:block;font-size:34px;font-weight:900;color:var(--r2);line-height:1;margin-bottom:8px}.atf-stats span{font-size:14px;color:#B8B8C0}.atf-note{border-left:4px solid var(--r);background:#FFF3F3;border-radius:0 14px 14px 0;padding:20px 24px;margin:22px 0 0}.atf-note b{color:var(--r)}.atf-note p{margin:0;font-size:15px}.atf-tl{position:relative;padding-left:32px;margin-top:8px}.atf-tl:before{content:\"\";position:absolute;left:7px;top:8px;bottom:8px;width:2px;background:var(--ln)}.atf-tl-i{position:relative;padding:14px 0}.atf-tl-i:before{content:\"\";position:absolute;left:-32px;top:20px;width:16px;height:16px;border-radius:50%;background:#fff;border:3px solid var(--ln)}.atf-tl-hi:before{border-color:var(--r);background:var(--r);box-shadow:0 0 0 5px rgba(223,10,19,.15)}.atf-tl-d{font-size:12px;font-weight:900;letter-spacing:.1em;text-transform:uppercase;color:var(--r);margin-bottom:3px}.atf-tl-t{font-size:16.5px;font-weight:700}.atf-faq details{border-bottom:1px solid var(--ln)}.atf-faq summary{cursor:pointer;padding:16px 0;font-weight:700;font-size:16.5px;list-style:none;display:flex;justify-content:space-between;gap:16px;align-items:center}.atf-faq summary::-webkit-details-marker{display:none}.atf-faq summary:after{content:\"+\";color:var(--r);font-size:22px;font-weight:400;line-height:1}.atf-faq details[open] summary:after{content:\"\\2013\"}.atf-faq details p{padding:0 0 18px;color:var(--mut);font-size:15.5px;margin:0;max-width:70ch}.atf-cta{margin-top:48px;background:var(--bg);border:1px solid var(--ln);border-radius:18px;padding:28px;display:flex;gap:12px;flex-wrap:wrap;align-items:center}.atf-tmo a.atf-btn-d{background:var(--ink);color:#fff}.atf-tmo a.atf-btn-d:hover{background:var(--r);transform:translateY(-2px)}.atf-tmo a.atf-btn-o{border:1.5px solid var(--ln);color:var(--mut);background:#fff}.atf-tmo a.atf-btn-o:hover{border-color:var(--mut);color:var(--ink)}.atf-cta .r{margin-left:auto;font-size:14px;color:var(--mut)}.atf-foot{margin-top:34px;padding-top:22px;border-top:1px solid var(--ln);font-size:13.5px;color:var(--mut)}@media(max-width:980px){.atf-facts,.atf-stats{grid-template-columns:repeat(2,1fr)}.atf-g4,.atf-g3,.atf-g2{grid-template-columns:1fr 1fr}}@media(max-width:680px){.atf-hero{padding:38px 22px 32px;border-radius:16px}.atf-facts,.atf-stats{grid-template-columns:1fr}.atf-g4,.atf-g3,.atf-g2{grid-template-columns:1fr}.atf-btn{width:100%;text-align:center}.atf-cta .r{margin-left:0}}<\/style>\n<div class=\"atf-tmo\">\n<div class=\"atf-hero\">\n<span class=\"atf-eyebrow\">ATF T\u00fcrkiye \u00b7 Uluslararas\u0131 Antalya Turizm Fuar\u0131<\/span><\/p>\n<h1>Turizm Medya<br \/>\u00d6d\u00fclleri <em>2026<\/em><\/h1>\n<p class=\"atf-sub\">Turizmde y\u0131l\u0131n haberi, y\u0131l\u0131n karesi se\u00e7iliyor\u2026<\/p>\n<p class=\"atf-lead\">Uluslararas\u0131 Antalya Turizm Fuar\u0131 (ATF T\u00fcrkiye), T\u00fcrkiye turizmini haberleri ve foto\u011fraflar\u0131yla anlatan bas\u0131n mensuplar\u0131n\u0131 ATF Turizm Medya \u00d6d\u00fclleri 2026&#8217;da \u00f6d\u00fcllendiriyor. \u201cY\u0131l\u0131n Turizm Haberi\u201d ve \u201cY\u0131l\u0131n Turizm Foto\u011fraf\u0131\u201d olmak \u00fczere iki dalda d\u00fczenlenen \u00f6d\u00fcl program\u0131na ba\u015fvurular 1 Eyl\u00fcl 2026 itibar\u0131yla ba\u015flad\u0131.<\/p>\n<p class=\"atf-lead\">T\u00fcrk turizmine nitelikli gazetecilik ve foto\u011fraf \u00e7al\u0131\u015fmalar\u0131yla katk\u0131 sa\u011flayan bas\u0131n mensuplar\u0131n\u0131 desteklemeyi ve \u00e7al\u0131\u015fmalar\u0131n\u0131n g\u00f6r\u00fcn\u00fcrl\u00fc\u011f\u00fcn\u00fc art\u0131rmay\u0131 ama\u00e7layan ATF Turizm Medya \u00d6d\u00fclleri&#8217;ne kat\u0131l\u0131m \u00fccretsiz. Ba\u015fvurular 11 Ekim 2026 saat 23.00&#8217;e kadar devam edecek.<\/p>\n<div class=\"atf-facts\">\n<div><span>Ba\u015fvuru<\/span><b>\u00dccretsiz<\/b><\/div>\n<div><span>Ba\u015fvurular<\/span><b>1 Eyl\u00fcl 2026 \u00b7 Ba\u015flad\u0131<\/b><\/div>\n<div><span>Son Ba\u015fvuru<\/span><b>11 Ekim 2026 \u00b7 23.00<\/b><\/div>\n<div><span>\u00d6d\u00fcl T\u00f6reni<\/span><b>27 Ekim 2026<\/b><\/div>\n<\/div>\n<div class=\"atf-btns\">\n<a class=\"atf-btn atf-btn-p\" href=\"https:\/\/antalyaturizmfuari.com\/yilin-turizm-haberi\/\" rel=\"nofollow noopener\" target=\"_blank\">Y\u0131l\u0131n Turizm Haberi<\/a><br \/>\n<a class=\"atf-btn atf-btn-g\" href=\"https:\/\/antalyaturizmfuari.com\/yilin-turizm-fotografi\/\" rel=\"nofollow noopener\" target=\"_blank\">Y\u0131l\u0131n Turizm Foto\u011fraf\u0131<\/a>\n<\/div>\n<\/div>\n<div class=\"atf-sec\">\n<div class=\"atf-num\"><i>01<\/i><s><\/s><\/div>\n<h2>\u0130ki \u00f6d\u00fcl dal\u0131<\/h2>\n<p class=\"atf-intro\">Hangisine ba\u015fvuracaks\u0131n\u0131z? Haber ve foto\u011fraf dallar\u0131 ayr\u0131 y\u00fcr\u00fcyor; dilerseniz ikisine de ba\u015fvurabilirsiniz.<\/p>\n<div class=\"atf-grid atf-g2\">\n<div class=\"atf-branch\">\n<span class=\"k\">Dal 1<\/span><\/p>\n<h3>Y\u0131l\u0131n Turizm Haberi<\/h3>\n<p class=\"d\">Turizmi konu alan gazetecilik \u00e7al\u0131\u015fmalar\u0131 farkl\u0131 yay\u0131n t\u00fcrlerinde de\u011ferlendiriliyor.<\/p>\n<div class=\"cats\">Yaz\u0131l\u0131 ve Dijital Haber\u2013Ara\u015ft\u0131rma<br \/>R\u00f6portaj ve S\u00f6yle\u015fi<br \/>Televizyon, Video ve Podcast gibi farkl\u0131 yay\u0131n t\u00fcrleri<\/div>\n<p class=\"d\" style=\"margin-top:12px\">Programa, son iki y\u0131l i\u00e7erisinde bir yay\u0131n kurulu\u015funda \u00e7al\u0131\u015ft\u0131\u011f\u0131n\u0131 belgeleyebilen veya ilgili meslek \u00f6rg\u00fctlerinden birine \u00fcye olan bas\u0131n mensuplar\u0131 ba\u015fvurabilir.<\/p>\n<p><a class=\"atf-go\" href=\"https:\/\/antalyaturizmfuari.com\/yilin-turizm-haberi\/\" rel=\"nofollow noopener\" target=\"_blank\">\u0130ncele ve ba\u015fvur \u2192<\/a>\n<\/div>\n<div class=\"atf-branch\">\n<span class=\"k\">Dal 2<\/span><\/p>\n<h3>Y\u0131l\u0131n Turizm Foto\u011fraf\u0131<\/h3>\n<p class=\"d\">Turizmi farkl\u0131 y\u00f6nleriyle anlatan foto\u011fraflar farkl\u0131 temalarda de\u011ferlendiriliyor.<\/p>\n<div class=\"cats\">Destinasyon<br \/>Misafirperverlik ve Turizmin \u0130nsan\u0131<br \/>K\u00fclt\u00fcr, Miras ve Gastronomi<br \/>S\u00fcrd\u00fcr\u00fclebilir Turizm ve Do\u011fa ba\u015fta olmak \u00fczere farkl\u0131 temalar<\/div>\n<p class=\"d\" style=\"margin-top:12px\">Daha \u00f6nce yay\u0131mlanm\u0131\u015f foto\u011fraflarla ba\u015fvuru yap\u0131labilir. Ancak ba\u015fka bir foto\u011fraf yar\u0131\u015fmas\u0131nda \u00f6d\u00fcl kazanm\u0131\u015f \u00e7al\u0131\u015fmalar programa kabul edilmez.<\/p>\n<p><a class=\"atf-go\" href=\"https:\/\/antalyaturizmfuari.com\/yilin-turizm-fotografi\/\" rel=\"nofollow noopener\" target=\"_blank\">\u0130ncele ve ba\u015fvur \u2192<\/a>\n<\/div>\n<\/div>\n<\/div>\n<div class=\"atf-sec\">\n<div class=\"atf-num\"><i>02<\/i><s><\/s><\/div>\n<h2>\u00d6d\u00fcl\u00fcn kar\u015f\u0131l\u0131\u011f\u0131: do\u011fru sahne<\/h2>\n<p class=\"atf-intro\">Eseriniz, turizmi y\u00f6netenlerin kar\u015f\u0131s\u0131na \u00e7\u0131k\u0131yor. ATF T\u00fcrkiye \u00fc\u00e7 g\u00fcn boyunca sekt\u00f6r\u00fcn karar vericilerini Antalya&#8217;da bulu\u015fturuyor.<\/p>\n<div class=\"atf-stats\">\n<div><b>100+<\/b><span>\u00fclkeden kat\u0131l\u0131m<\/span><\/div>\n<div><b>40.000+<\/b><span>sekt\u00f6r profesyoneli<\/span><\/div>\n<div><b>1.000+<\/b><span>turizm markas\u0131<\/span><\/div>\n<div><b>3 g\u00fcn<\/b><span>ANFA\u015e Antalya<\/span><\/div>\n<\/div>\n<div class=\"atf-grid atf-g4\" style=\"margin-top:20px\">\n<div class=\"atf-card\"><span class=\"atf-tag\">\u00d6d\u00fcl<\/span><\/p>\n<h3>Plaket ve onur belgesi<\/h3>\n<p>Dereceye giren isimlere ATF T\u00fcrkiye imzal\u0131 plaket ve onur belgesi \u00f6d\u00fcl t\u00f6reninde takdim ediliyor.<\/p>\n<\/div>\n<div class=\"atf-card\"><span class=\"atf-tag\">G\u00f6r\u00fcn\u00fcrl\u00fck<\/span><\/p>\n<h3>ATF T\u00fcrkiye&#8217;de sekt\u00f6rle bulu\u015fma<\/h3>\n<p>\u00d6d\u00fcle de\u011fer bulunan \u00e7al\u0131\u015fmalar; tur operat\u00f6rleri, seyahat acentalar\u0131, yat\u0131r\u0131mc\u0131lar, turizm y\u00f6neticileri ve destinasyon temsilcilerinin yer ald\u0131\u011f\u0131 ATF T\u00fcrkiye&#8217;de sekt\u00f6r profesyonelleriyle bulu\u015fuyor.<\/p>\n<\/div>\n<div class=\"atf-card\"><span class=\"atf-tag\">Yay\u0131n<\/span><\/p>\n<h3>GM Turizm ve Y\u00f6netim Dergisi<\/h3>\n<p>\u00d6d\u00fcle lay\u0131k g\u00f6r\u00fclen \u00e7al\u0131\u015fmalar ve kazanan bas\u0131n mensuplar\u0131yla ger\u00e7ekle\u015ftirilecek r\u00f6portajlar GM Turizm ve Y\u00f6netim Dergisi&#8217;nde yay\u0131mlan\u0131yor.<\/p>\n<\/div>\n<div class=\"atf-card\"><span class=\"atf-tag\">T\u00f6ren<\/span><\/p>\n<h3>\u00d6d\u00fcl t\u00f6reni<\/h3>\n<p>Kazananlar 27 Ekim 2026 tarihinde ATF T\u00fcrkiye kapsam\u0131nda ger\u00e7ekle\u015ftirilecek \u00f6d\u00fcl t\u00f6reninde a\u00e7\u0131klan\u0131yor. Antalya d\u0131\u015f\u0131ndan t\u00f6rene kat\u0131lacak kazananlara ula\u015f\u0131m ve konaklama deste\u011fi sa\u011flan\u0131yor.<\/p>\n<\/div>\n<\/div>\n<div class=\"atf-note\">\n<p><b>J\u00fcri \u00d6zel \u00d6d\u00fcl\u00fc.<\/b> Derecelerden ba\u011f\u0131ms\u0131z olarak; konusu, yakla\u015f\u0131m\u0131 veya yaratt\u0131\u011f\u0131 etkiyle \u00f6ne \u00e7\u0131kan bir \u00e7al\u0131\u015fmaya verilebilir. \u00d6d\u00fcl, Y\u0131l\u0131n Turizm Haberi veya Y\u0131l\u0131n Turizm Foto\u011fraf\u0131 dallar\u0131ndan bir \u00e7al\u0131\u015fmaya verilebilir.<\/p>\n<\/div>\n<\/div>\n<div class=\"atf-sec\">\n<div class=\"atf-num\"><i>03<\/i><s><\/s><\/div>\n<h2>Tek ad\u0131mda ba\u015fvuru<\/h2>\n<p class=\"atf-intro\">\u00dcyelik yok, \u015fifre yok. Bilgilerinizi girin, eserinizi ekleyin ve ba\u015fvurunuzu tamamlay\u0131n.<\/p>\n<div class=\"atf-grid atf-g3\">\n<div class=\"atf-card\"><span class=\"atf-tag\">Ad\u0131m 1<\/span><\/p>\n<h3>Bilgilerinizi girin<\/h3>\n<p>Ki\u015fisel bilgilerinizi ve eserinizle ilgili bilgileri ba\u015fvuru formuna girin.<\/p>\n<\/div>\n<div class=\"atf-card\"><span class=\"atf-tag\">Ad\u0131m 2<\/span><\/p>\n<h3>Eserinizi ekleyin<\/h3>\n<p>Foto\u011fraf\u0131n\u0131z\u0131 y\u00fckleyin veya haber ba\u011flant\u0131n\u0131z\u0131 ekleyin.<\/p>\n<\/div>\n<div class=\"atf-card\"><span class=\"atf-tag\">Ad\u0131m 3<\/span><\/p>\n<h3>Ba\u015fvurunuzu tamamlay\u0131n<\/h3>\n<p>Bilgilerinizi kontrol ederek ba\u015fvurunuzu g\u00f6nderin.<\/p>\n<\/div>\n<\/div>\n<\/div>\n<div class=\"atf-sec\">\n<div class=\"atf-num\"><i>04<\/i><s><\/s><\/div>\n<h2>\u00d6nemli tarihler<\/h2>\n<div class=\"atf-tl\">\n<div class=\"atf-tl-i\">\n<div class=\"atf-tl-d\">1 Eyl\u00fcl 2026<\/div>\n<div class=\"atf-tl-t\">Ba\u015fvurular ba\u015flad\u0131<\/div>\n<\/div>\n<div class=\"atf-tl-i atf-tl-hi\">\n<div class=\"atf-tl-d\">11 Ekim 2026 \u00b7 23.00<\/div>\n<div class=\"atf-tl-t\">Son ba\u015fvuru<\/div>\n<\/div>\n<div class=\"atf-tl-i\">\n<div class=\"atf-tl-d\">12 Ekim 2026<\/div>\n<div class=\"atf-tl-t\">Se\u00e7ici Kurullar Antalya&#8217;da toplan\u0131yor<\/div>\n<\/div>\n<div class=\"atf-tl-i\">\n<div class=\"atf-tl-d\">26\u201328 Ekim 2026<\/div>\n<div class=\"atf-tl-t\">ATF T\u00fcrkiye \u2014 ANFA\u015e Antalya<\/div>\n<\/div>\n<div class=\"atf-tl-i atf-tl-hi\">\n<div class=\"atf-tl-d\">27 Ekim 2026<\/div>\n<div class=\"atf-tl-t\">\u00d6d\u00fcl t\u00f6reni \u2014 kazananlar burada a\u00e7\u0131klan\u0131yor<\/div>\n<\/div>\n<\/div>\n<p style=\"margin-top:16px;color:#63636B;font-size:15px\">Sonu\u00e7lar \u00f6d\u00fcl t\u00f6renine kadar a\u00e7\u0131klanm\u0131yor.<\/p>\n<\/div>\n<div class=\"atf-sec\">\n<div class=\"atf-num\"><i>05<\/i><s><\/s><\/div>\n<h2>J\u00fcri \u00dcyeleri<\/h2>\n<p class=\"atf-intro\">Se\u00e7ici Kurul, turizm ve medya alan\u0131n\u0131n meslek \u00f6rg\u00fctleriyle akademiden gelen temsilcilerden olu\u015fuyor.<\/p>\n<div class=\"atf-grid atf-g3\">\n<div class=\"atf-card\"><span class=\"atf-tag\">AGC<\/span>\n<h3>Antalya Gazeteciler Cemiyeti<\/h3>\n<p>Temsilcisi<\/p>\n<\/div>\n<div class=\"atf-card\"><span class=\"atf-tag\">Akademi<\/span>\n<h3>Akdeniz \u00dcniversitesi \u0130leti\u015fim Fak\u00fcltesi<\/h3>\n<p>Temsilcisi<\/p>\n<\/div>\n<div class=\"atf-card\"><span class=\"atf-tag\">TUYED<\/span>\n<h3>Turizm Yazarlar\u0131 ve Gazetecileri Derne\u011fi<\/h3>\n<p>Temsilcisi<\/p>\n<\/div>\n<div class=\"atf-card\"><span class=\"atf-tag\">EMD<\/span>\n<h3>Ekonomi Muhabirleri Derne\u011fi<\/h3>\n<p>Temsilcisi<\/p>\n<\/div>\n<div class=\"atf-card\"><span class=\"atf-tag\">TFMD<\/span>\n<h3>T\u00fcrkiye Foto Muhabirleri Derne\u011fi<\/h3>\n<p>Temsilcisi<\/p>\n<\/div>\n<\/div>\n<\/div>\n<div class=\"atf-sec\">\n<div class=\"atf-num\"><i>06<\/i><s><\/s><\/div>\n<h2>S\u0131k sorulan sorular<\/h2>\n<div class=\"atf-faq\">\n<details>\n<summary>Ba\u015fvuru \u00fccretli mi?<\/summary>\n<p>Hay\u0131r. ATF Turizm Medya \u00d6d\u00fclleri&#8217;ne kat\u0131l\u0131m tamamen \u00fccretsizdir.<\/p>\n<\/details>\n<details>\n<summary>\u00dcye olmam gerekiyor mu?<\/summary>\n<p>Hay\u0131r. Ba\u015fvuru i\u00e7in \u00fcyelik veya \u015fifre gerekmiyor. Ki\u015fisel ve eser bilgilerinizi girerek foto\u011fraf\u0131n\u0131z\u0131 y\u00fckleyebilir veya haber ba\u011flant\u0131n\u0131z\u0131 ekleyerek ba\u015fvurunuzu tamamlayabilirsiniz.<\/p>\n<\/details>\n<details>\n<summary>Bas\u0131n kart\u0131m yok, kat\u0131labilir miyim?<\/summary>\n<p>Evet. Son iki y\u0131l i\u00e7erisinde bir yay\u0131n kurulu\u015funda \u00e7al\u0131\u015ft\u0131\u011f\u0131n\u0131z\u0131 belgeleyebiliyorsan\u0131z veya ilgili meslek \u00f6rg\u00fctlerinden birine \u00fcyeyseniz ba\u015fvurabilirsiniz.<\/p>\n<\/details>\n<details>\n<summary>Her iki dala da ba\u015fvurabilir miyim?<\/summary>\n<p>Evet. Y\u0131l\u0131n Turizm Haberi ve Y\u0131l\u0131n Turizm Foto\u011fraf\u0131 dallar\u0131 ayr\u0131 y\u00fcr\u00fct\u00fcl\u00fcyor; her iki dala da ba\u015fvurabilirsiniz.<\/p>\n<\/details>\n<details>\n<summary>Foto\u011fraf\u0131m daha \u00f6nce yay\u0131mland\u0131, sorun olur mu?<\/summary>\n<p>Hay\u0131r. Daha \u00f6nce yay\u0131mlanm\u0131\u015f foto\u011fraflarla ba\u015fvuru yap\u0131labilir. Ancak ba\u015fka bir foto\u011fraf yar\u0131\u015fmas\u0131nda \u00f6d\u00fcl kazanm\u0131\u015f \u00e7al\u0131\u015fmalar kabul edilmez.<\/p>\n<\/details>\n<details>\n<summary>Eserim bana ait kal\u0131yor mu?<\/summary>\n<p>Evet. Eser sahipli\u011fine ili\u015fkin kullan\u0131m ve yay\u0131n ko\u015fullar\u0131n\u0131n ayr\u0131nt\u0131lar\u0131 <a href=\"\/tmo-program-sartnamesi\/\" target=\"_blank\" rel=\"noopener\">resm\u00ee \u015fartnamede<\/a> yer almaktad\u0131r.<\/p>\n<\/details>\n<details>\n<summary>Sonu\u00e7lar ne zaman a\u00e7\u0131klan\u0131yor?<\/summary>\n<p>Kazananlar 27 Ekim 2026 tarihinde ATF T\u00fcrkiye kapsam\u0131nda Antalya&#8217;da ger\u00e7ekle\u015ftirilecek \u00f6d\u00fcl t\u00f6reninde a\u00e7\u0131klanacak.<\/p>\n<\/details>\n<\/div>\n<\/div>\n<div class=\"atf-cta\">\n<a class=\"atf-btn atf-btn-d\" href=\"https:\/\/antalyaturizmfuari.com\/yilin-turizm-haberi\/\" rel=\"nofollow noopener\" target=\"_blank\">Y\u0131l\u0131n Turizm Haberi \u2192<\/a><br \/>\n<a class=\"atf-btn atf-btn-o\" href=\"https:\/\/antalyaturizmfuari.com\/yilin-turizm-fotografi\/\" rel=\"nofollow noopener\" target=\"_blank\">Y\u0131l\u0131n Turizm Foto\u011fraf\u0131 \u2192<\/a><br \/>\n<span class=\"r\">Son ba\u015fvuru: 11 Ekim 2026, saat 23.00<\/span>\n<\/div>\n<p class=\"atf-foot\">Bu sayfa program\u0131n \u00f6zetidir; ba\u011flay\u0131c\u0131 h\u00fck\u00fcmler <a href=\"\/tmo-program-sartnamesi\/\" target=\"_blank\" rel=\"noopener\">resm\u00ee \u015fartnamede<\/a> yer almaktad\u0131r. Ki\u015fisel verilerinizin i\u015flenmesine ili\u015fkin ayr\u0131nt\u0131lar i\u00e7in <a href=\"\/tmo-kvkk-aydinlatma-acik-riza\/\" target=\"_blank\" rel=\"noopener\">KVKK Ayd\u0131nlatma Metni<\/a>\u2019ne bak\u0131n\u0131z. Program, ATF T\u00fcrkiye \u2013 Uluslararas\u0131 Antalya Turizm Fuar\u0131 taraf\u0131ndan d\u00fczenlenmektedir.<\/p>\n<\/div>\n\n\n<p class=\"wp-block-paragraph\"><\/p>\n\n","protected":false},"excerpt":{"rendered":"<p>ATF T\u00fcrkiye \u00b7 Uluslararas\u0131 Antalya Turizm Fuar\u0131 Turizm Medya\u00d6d\u00fclleri 2026 Turizmde y\u0131l\u0131n haberi, y\u0131l\u0131n karesi se\u00e7iliyor\u2026 Uluslararas\u0131 Antalya Turizm Fuar\u0131 (ATF T\u00fcrkiye), T\u00fcrkiye turizmini haberleri ve foto\u011fraflar\u0131yla anlatan bas\u0131n mensuplar\u0131n\u0131 ATF Turizm Medya \u00d6d\u00fclleri 2026&#8217;da \u00f6d\u00fcllendiriyor. \u201cY\u0131l\u0131n Turizm Haberi\u201d ve \u201cY\u0131l\u0131n Turizm Foto\u011fraf\u0131\u201d olmak \u00fczere iki dalda d\u00fczenlenen \u00f6d\u00fcl program\u0131na ba\u015fvurular 1 Eyl\u00fcl 2026 itibar\u0131yla [&hellip;]<\/p>\n","protected":false},"author":1,"featured_media":0,"parent":0,"menu_order":0,"comment_status":"closed","ping_status":"closed","template":"","meta":{"footnotes":""},"class_list":["post-3288","page","type-page","status-publish","hentry"],"jetpack_sharing_enabled":true,"_links":{"self":[{"href":"https:\/\/atfantalya.com\/ru\/wp-json\/wp\/v2\/pages\/3288","targetHints":{"allow":["GET"]}}],"collection":[{"href":"https:\/\/atfantalya.com\/ru\/wp-json\/wp\/v2\/pages"}],"about":[{"href":"https:\/\/atfantalya.com\/ru\/wp-json\/wp\/v2\/types\/page"}],"author":[{"embeddable":true,"href":"https:\/\/atfantalya.com\/ru\/wp-json\/wp\/v2\/users\/1"}],"replies":[{"embeddable":true,"href":"https:\/\/atfantalya.com\/ru\/wp-json\/wp\/v2\/comments?post=3288"}],"version-history":[{"count":5,"href":"https:\/\/atfantalya.com\/ru\/wp-json\/wp\/v2\/pages\/3288\/revisions"}],"predecessor-version":[{"id":3354,"href":"https:\/\/atfantalya.com\/ru\/wp-json\/wp\/v2\/pages\/3288\/revisions\/3354"}],"wp:attachment":[{"href":"https:\/\/atfantalya.com\/ru\/wp-json\/wp\/v2\/media?parent=3288"}],"curies":[{"name":"WP","href":"https:\/\/api.w.org\/{rel}","templated":true}]}}