{"id":3351,"date":"2026-09-01T14:15:04","date_gmt":"2026-09-01T11:15:04","guid":{"rendered":"https:\/\/antalyaturizmfuari.com\/tmo-kvkk-aydinlatma-acik-riza\/"},"modified":"2026-09-01T14:15:04","modified_gmt":"2026-09-01T11:15:04","slug":"tmo-kvkk-aydinlatma-acik-riza","status":"publish","type":"page","link":"https:\/\/atfantalya.com\/es\/tmo-kvkk-aydinlatma-acik-riza\/","title":{"rendered":"Turizm Medya \u00d6d\u00fclleri 2026 \u2014 KVKK Ayd\u0131nlatma ve A\u00e7\u0131k R\u0131za"},"content":{"rendered":"<h2>TUR\u0130ZM MEDYA \u00d6D\u00dcLLER\u0130 2026<\/h2>\n<h2>KVKK AYDINLATMA METN\u0130, A\u00c7IK RIZA BEYANI VE MUVAFAKATNAME<\/h2>\n<p><b>Veri sorumlusu:<\/b> ATF T\u00fcrkiye \u2013 Uluslararas\u0131 Antalya Turizm Fuar\u0131&#x27;n\u0131 d\u00fczenleyen <br \/>\n<b>GMT Fuarc\u0131l\u0131k Limited \u015eirketi<\/b><\/p>\n<p><b>\u0130lgili belge:<\/b> 05-Sartname-2026-ATF \u2014 Program \u015eartnamesi Ek-2A<\/p>\n<h2>B\u00d6L\u00dcM A \u2014 AYDINLATMA METN\u0130<\/h2>\n<p><i>6698 say\u0131l\u0131 Ki\u015fisel Verilerin Korunmas\u0131 Kanunu&#x27;nun 10. maddesi uyar\u0131nca<\/i><\/p>\n<h3>A.1. Veri sorumlusunun kimli\u011fi<\/h3>\n<table style=\"border-collapse:collapse;width:100%;margin:12px 0;font-size:14px;\">\n<tbody>\n<tr>\n<td style=\"border:1px solid #cfcfcf;padding:6px 9px;vertical-align:top;\">Unvan<\/td>\n<td style=\"border:1px solid #cfcfcf;padding:6px 9px;vertical-align:top;\"><b>[GMT Fuarc\u0131l\u0131k Limited \u015eirketi<\/b><\/td>\n<\/tr>\n<tr>\n<td style=\"border:1px solid #cfcfcf;padding:6px 9px;vertical-align:top;\">Adres<\/td>\n<td style=\"border:1px solid #cfcfcf;padding:6px 9px;vertical-align:top;\">[\u00c7a\u011flayan Mah. 2039\/1 Sk. Bal Plaza Kat: 5 No: 11, Muratpa\u015fa \/ ANTALYA]<\/td>\n<\/tr>\n<tr>\n<td style=\"border:1px solid #cfcfcf;padding:6px 9px;vertical-align:top;\">Vergi Dairesi \/ No<\/td>\n<td style=\"border:1px solid #cfcfcf;padding:6px 9px;vertical-align:top;\">Antalya Kurumlar VD.    Vergi Numaras\u0131: 396 118 7399<\/td>\n<\/tr>\n<tr>\n<td style=\"border:1px solid #cfcfcf;padding:6px 9px;vertical-align:top;\">Telefon<\/td>\n<td style=\"border:1px solid #cfcfcf;padding:6px 9px;vertical-align:top;\">0242 316 22 99<\/td>\n<\/tr>\n<tr>\n<td style=\"border:1px solid #cfcfcf;padding:6px 9px;vertical-align:top;\">E-posta<\/td>\n<td style=\"border:1px solid #cfcfcf;padding:6px 9px;vertical-align:top;\">info@antalyaturizmfuari.com<\/td>\n<\/tr>\n<tr>\n<td style=\"border:1px solid #cfcfcf;padding:6px 9px;vertical-align:top;\">Web<\/td>\n<td style=\"border:1px solid #cfcfcf;padding:6px 9px;vertical-align:top;\">antalyaturizmfuari.com<\/td>\n<\/tr>\n<\/tbody>\n<\/table>\n<p>Bu metinde an\u0131lan kurum, <b>&quot;ATF Turizm Medya \u00d6d\u00fclleri 2026&quot;<\/b> program\u0131n\u0131n d\u00fczenleyicisi ve veri sorumlusudur.<\/p>\n<h3>A.2. \u0130\u015flenen ki\u015fisel veriler<\/h3>\n<p>Programa ba\u015fvurman\u0131z halinde a\u015fa\u011f\u0131daki ki\u015fisel verileriniz i\u015flenir:<\/p>\n<table style=\"border-collapse:collapse;width:100%;margin:12px 0;font-size:14px;\">\n<tbody>\n<tr>\n<td style=\"border:1px solid #cfcfcf;padding:6px 9px;vertical-align:top;\"><b>Veri kategorisi<\/b><\/td>\n<td style=\"border:1px solid #cfcfcf;padding:6px 9px;vertical-align:top;\"><b>\u0130\u00e7erdi\u011fi veriler<\/b><\/td>\n<\/tr>\n<tr>\n<td style=\"border:1px solid #cfcfcf;padding:6px 9px;vertical-align:top;\"><b>Kimlik<\/b><\/td>\n<td style=\"border:1px solid #cfcfcf;padding:6px 9px;vertical-align:top;\">Ad, soyad, T.C. kimlik numaras\u0131, do\u011fum tarihi<\/td>\n<\/tr>\n<tr>\n<td style=\"border:1px solid #cfcfcf;padding:6px 9px;vertical-align:top;\"><b>\u0130leti\u015fim<\/b><\/td>\n<td style=\"border:1px solid #cfcfcf;padding:6px 9px;vertical-align:top;\">E-posta adresi, cep telefonu numaras\u0131, posta adresi, \u015fehir<\/td>\n<\/tr>\n<tr>\n<td style=\"border:1px solid #cfcfcf;padding:6px 9px;vertical-align:top;\"><b>Mesleki deneyim<\/b><\/td>\n<td style=\"border:1px solid #cfcfcf;padding:6px 9px;vertical-align:top;\">Yay\u0131n kurulu\u015fu, g\u00f6rev\/unvan, bas\u0131n kart\u0131 veya \u00e7al\u0131\u015fma belgesi bilgileri, meslek \u00f6rg\u00fct\u00fc \u00fcyeli\u011fi<\/td>\n<\/tr>\n<tr>\n<td style=\"border:1px solid #cfcfcf;padding:6px 9px;vertical-align:top;\"><b>G\u00f6rsel ve i\u015fitsel kay\u0131t<\/b><\/td>\n<td style=\"border:1px solid #cfcfcf;padding:6px 9px;vertical-align:top;\">Ba\u015fvuru kapsam\u0131nda y\u00fckledi\u011finiz foto\u011fraflar, video ve ses kay\u0131tlar\u0131 ile bunlar\u0131n \u00fcstveri (EXIF) bilgileri<\/td>\n<\/tr>\n<tr>\n<td style=\"border:1px solid #cfcfcf;padding:6px 9px;vertical-align:top;\"><b>Eser ve k\u00fcnye<\/b><\/td>\n<td style=\"border:1px solid #cfcfcf;padding:6px 9px;vertical-align:top;\">Eserin ad\u0131, yay\u0131n kurulu\u015fu, yay\u0131n\/\u00e7ekim tarihi, \u00e7ekim yeri, gerek\u00e7e metni, yay\u0131n ba\u011flant\u0131s\u0131<\/td>\n<\/tr>\n<tr>\n<td style=\"border:1px solid #cfcfcf;padding:6px 9px;vertical-align:top;\"><b>\u0130\u015flem g\u00fcvenli\u011fi<\/b><\/td>\n<td style=\"border:1px solid #cfcfcf;padding:6px 9px;vertical-align:top;\">IP adresi, ba\u015fvuru tarih-saati, i\u015flem kay\u0131tlar\u0131 (log), dosya parmak izi<\/td>\n<\/tr>\n<tr>\n<td style=\"border:1px solid #cfcfcf;padding:6px 9px;vertical-align:top;\"><b>\u00d6d\u00fcl ve t\u00f6ren<\/b><\/td>\n<td style=\"border:1px solid #cfcfcf;padding:6px 9px;vertical-align:top;\">\u00d6d\u00fcl bilgisi, ula\u015f\u0131m ve konaklama deste\u011fi kapsam\u0131nda iletilen bilgiler<\/td>\n<\/tr>\n<\/tbody>\n<\/table>\n<p><b>\u00d6nemli:<\/b> T.C. kimlik numaran\u0131z <b>yaln\u0131zca kimli\u011finizin do\u011frulanmas\u0131 ve m\u00fckerrer ba\u015fvurular\u0131n \u00f6nlenmesi<\/b> amac\u0131yla i\u015flenir; <b>Se\u00e7ici Kurul&#x27;a hi\u00e7bir a\u015famada aktar\u0131lmaz.<\/b><\/p>\n<p><b>Foto\u011fraf dal\u0131nda<\/b> y\u00fckledi\u011finiz eserler Se\u00e7ici Kurul&#x27;a <b>kodlanm\u0131\u015f olarak, kimlik bilgileriniz olmaks\u0131z\u0131n<\/b> sunulur (\u015eartname Md. 10.3).<\/p>\n<h3>A.3. Ki\u015fisel verilerin i\u015flenme ama\u00e7lar\u0131<\/h3>\n<p><b>a)<\/b>  Ba\u015fvurunuzun al\u0131nmas\u0131, kaydedilmesi ve takibi;<\/p>\n<p><b>b)<\/b>  Kat\u0131l\u0131m ko\u015fullar\u0131n\u0131 ta\u015f\u0131y\u0131p ta\u015f\u0131mad\u0131\u011f\u0131n\u0131z\u0131n do\u011frulanmas\u0131 (bas\u0131n belgesi, ya\u015f, eser say\u0131s\u0131);<\/p>\n<p><b>c)<\/b>  Eserlerin teknik ve i\u00e7erik y\u00f6n\u00fcnden de\u011ferlendirmeye haz\u0131rlanmas\u0131, kodlanmas\u0131;<\/p>\n<p><b>d)<\/b>  Se\u00e7ici Kurul de\u011ferlendirmesinin y\u00fcr\u00fct\u00fclmesi ve tutana\u011fa ba\u011flanmas\u0131;<\/p>\n<p><b>e)<\/b>  Sonu\u00e7lar\u0131n duyurulmas\u0131, \u00f6d\u00fcl\u00fcn teslimi, sergi ve e-katalog haz\u0131rl\u0131\u011f\u0131;<\/p>\n<p><b>f)<\/b>  \u00d6d\u00fcl t\u00f6reni ile ula\u015f\u0131m ve konaklama organizasyonunun y\u00fcr\u00fct\u00fclmesi;<\/p>\n<p><b>g)<\/b>  Sizinle ba\u015fvurunuza ili\u015fkin ileti\u015fim kurulmas\u0131, eksiklik ve d\u00fczeltme bildirimleri;<\/p>\n<p><b>h)<\/b>  Kural ihlallerinin (intihal, yapay zeka ile \u00fcretim, m\u00fckerrer ba\u015fvuru) tespit edilmesi ve \u00f6nlenmesi;<\/p>\n<p><b>i)<\/b>  Program\u0131n g\u00fcvenli\u011finin sa\u011flanmas\u0131, k\u00f6t\u00fcye kullan\u0131m\u0131n engellenmesi;<\/p>\n<p><b>j)<\/b>  Hukuki uyu\u015fmazl\u0131klarda savunma hakk\u0131n\u0131n kullan\u0131lmas\u0131 ve yasal saklama y\u00fck\u00fcml\u00fcl\u00fcklerinin yerine getirilmesi.<\/p>\n<h3>A.4. \u0130\u015flemenin hukuki sebepleri<\/h3>\n<table style=\"border-collapse:collapse;width:100%;margin:12px 0;font-size:14px;\">\n<tbody>\n<tr>\n<td style=\"border:1px solid #cfcfcf;padding:6px 9px;vertical-align:top;\"><b>Ama\u00e7<\/b><\/td>\n<td style=\"border:1px solid #cfcfcf;padding:6px 9px;vertical-align:top;\"><b>Hukuki sebep (KVKK)<\/b><\/td>\n<\/tr>\n<tr>\n<td style=\"border:1px solid #cfcfcf;padding:6px 9px;vertical-align:top;\">Ba\u015fvurunun al\u0131nmas\u0131, de\u011ferlendirilmesi, sonucun bildirilmesi, \u00f6d\u00fcl\u00fcn teslimi<\/td>\n<td style=\"border:1px solid #cfcfcf;padding:6px 9px;vertical-align:top;\"><b>md. 5\/2-c<\/b> \u2014 s\u00f6zle\u015fmenin kurulmas\u0131 veya ifas\u0131yla do\u011frudan do\u011fruya ilgili olmas\u0131<\/td>\n<\/tr>\n<tr>\n<td style=\"border:1px solid #cfcfcf;padding:6px 9px;vertical-align:top;\">Kural ihlallerinin tespiti, i\u015flem g\u00fcvenli\u011fi, k\u00f6t\u00fcye kullan\u0131m\u0131n \u00f6nlenmesi, ar\u015fivin tutulmas\u0131<\/td>\n<td style=\"border:1px solid #cfcfcf;padding:6px 9px;vertical-align:top;\"><b>md. 5\/2-f<\/b> \u2014 veri sorumlusunun me\u015fru menfaati<\/td>\n<\/tr>\n<tr>\n<td style=\"border:1px solid #cfcfcf;padding:6px 9px;vertical-align:top;\">Yasal saklama ve belgelendirme y\u00fck\u00fcml\u00fcl\u00fckleri<\/td>\n<td style=\"border:1px solid #cfcfcf;padding:6px 9px;vertical-align:top;\"><b>md. 5\/2-\u00e7<\/b> \u2014 hukuki y\u00fck\u00fcml\u00fcl\u00fc\u011f\u00fcn yerine getirilmesi<\/td>\n<\/tr>\n<tr>\n<td style=\"border:1px solid #cfcfcf;padding:6px 9px;vertical-align:top;\">\u00d6d\u00fcl\/sergileme halinde ad\u0131n\u0131z\u0131n ve eser bilgilerinizin kamuya a\u00e7\u0131klanmas\u0131, sergi, e-katalog ve program tan\u0131t\u0131m\u0131nda kullan\u0131lmas\u0131<\/td>\n<td style=\"border:1px solid #cfcfcf;padding:6px 9px;vertical-align:top;\"><b>md. 5\/1 \u2014 a\u00e7\u0131k r\u0131za<\/b> (B\u00f6l\u00fcm B)<\/td>\n<\/tr>\n<tr>\n<td style=\"border:1px solid #cfcfcf;padding:6px 9px;vertical-align:top;\">Gelecek d\u00f6nem duyurular\u0131n\u0131n g\u00f6nderilmesi<\/td>\n<td style=\"border:1px solid #cfcfcf;padding:6px 9px;vertical-align:top;\"><b>md. 5\/1 \u2014 a\u00e7\u0131k r\u0131za<\/b> ve 6563 say\u0131l\u0131 Kanun kapsam\u0131nda <b>ayr\u0131ca onay<\/b> (B\u00f6l\u00fcm B)<\/td>\n<\/tr>\n<\/tbody>\n<\/table>\n<h3>A.5. Ki\u015fisel verilerin toplanma y\u00f6ntemi<\/h3>\n<p>Ki\u015fisel verileriniz, <b>[antalyaturizmfuari.com]<\/b> adresindeki \u00e7evrimi\u00e7i ba\u015fvuru formu ve bu form \u00fczerinden y\u00fckledi\u011finiz dosyalar arac\u0131l\u0131\u011f\u0131yla, <b>elektronik ortamda ve otomatik yollarla<\/b> toplan\u0131r. Program s\u00fcresince e-posta yoluyla iletti\u011finiz bilgiler de bu kapsamdad\u0131r.<\/p>\n<h3>A.6. Ki\u015fisel verilerin aktar\u0131lmas\u0131<\/h3>\n<p>Verileriniz, yaln\u0131zca a\u015fa\u011f\u0131daki al\u0131c\u0131 gruplar\u0131na ve yaln\u0131zca belirtilen ama\u00e7larla aktar\u0131l\u0131r:<\/p>\n<table style=\"border-collapse:collapse;width:100%;margin:12px 0;font-size:14px;\">\n<tbody>\n<tr>\n<td style=\"border:1px solid #cfcfcf;padding:6px 9px;vertical-align:top;\"><b>Al\u0131c\u0131<\/b><\/td>\n<td style=\"border:1px solid #cfcfcf;padding:6px 9px;vertical-align:top;\"><b>Aktar\u0131lan veri<\/b><\/td>\n<td style=\"border:1px solid #cfcfcf;padding:6px 9px;vertical-align:top;\"><b>Ama\u00e7<\/b><\/td>\n<\/tr>\n<tr>\n<td style=\"border:1px solid #cfcfcf;padding:6px 9px;vertical-align:top;\"><b>Se\u00e7ici Kurul \u00fcyeleri<\/b><\/td>\n<td style=\"border:1px solid #cfcfcf;padding:6px 9px;vertical-align:top;\"><i>Haber dal\u0131:<\/i> eser ve k\u00fcnye bilgileri (ad, yay\u0131n kurulu\u015fu, tarih)<br \/>\n<i>Foto\u011fraf dal\u0131:<\/i> <b>yaln\u0131zca kodlanm\u0131\u015f eser<\/b> \u2014 kimlik bilgisi aktar\u0131lmaz<\/td>\n<td style=\"border:1px solid #cfcfcf;padding:6px 9px;vertical-align:top;\">De\u011ferlendirmenin yap\u0131lmas\u0131<\/td>\n<\/tr>\n<tr>\n<td style=\"border:1px solid #cfcfcf;padding:6px 9px;vertical-align:top;\"><b>Bili\u015fim ve sunucu hizmet sa\u011flay\u0131c\u0131s\u0131<\/b><\/td>\n<td style=\"border:1px solid #cfcfcf;padding:6px 9px;vertical-align:top;\">Bar\u0131nd\u0131r\u0131lan t\u00fcm veriler<\/td>\n<td style=\"border:1px solid #cfcfcf;padding:6px 9px;vertical-align:top;\">Ba\u015fvuru sisteminin i\u015fletilmesi <i>(veri i\u015fleyen s\u0131fat\u0131yla, s\u00f6zle\u015fmeyle)<\/i><\/td>\n<\/tr>\n<tr>\n<td style=\"border:1px solid #cfcfcf;padding:6px 9px;vertical-align:top;\"><b>Bask\u0131, tasar\u0131m ve kargo tedarik\u00e7ileri<\/b><\/td>\n<td style=\"border:1px solid #cfcfcf;padding:6px 9px;vertical-align:top;\">\u00d6d\u00fcll\u00fc\/sergilenen eser ve k\u00fcnye bilgisi, \u00f6d\u00fcl g\u00f6nderimi i\u00e7in ad ve adres<\/td>\n<td style=\"border:1px solid #cfcfcf;padding:6px 9px;vertical-align:top;\">Sergi, e-katalog ve \u00f6d\u00fcl teslimi<\/td>\n<\/tr>\n<tr>\n<td style=\"border:1px solid #cfcfcf;padding:6px 9px;vertical-align:top;\"><b>Ula\u015f\u0131m ve konaklama hizmet sa\u011flay\u0131c\u0131lar\u0131<\/b><\/td>\n<td style=\"border:1px solid #cfcfcf;padding:6px 9px;vertical-align:top;\">\u00d6d\u00fcl sahibinin ad, soyad ve ileti\u015fim bilgisi<\/td>\n<td style=\"border:1px solid #cfcfcf;padding:6px 9px;vertical-align:top;\">T\u00f6rene kat\u0131l\u0131m deste\u011fi <i>(yaln\u0131zca \u00f6d\u00fcl alanlar i\u00e7in)<\/i><\/td>\n<\/tr>\n<tr>\n<td style=\"border:1px solid #cfcfcf;padding:6px 9px;vertical-align:top;\"><b>Yetkili kamu kurum ve kurulu\u015flar\u0131<\/b><\/td>\n<td style=\"border:1px solid #cfcfcf;padding:6px 9px;vertical-align:top;\">Talep edilen veriler<\/td>\n<td style=\"border:1px solid #cfcfcf;padding:6px 9px;vertical-align:top;\">Hukuki y\u00fck\u00fcml\u00fcl\u00fc\u011f\u00fcn yerine getirilmesi<\/td>\n<\/tr>\n<\/tbody>\n<\/table>\n<p><b>Yurt d\u0131\u015f\u0131na aktar\u0131m.<\/b> Kullan\u0131lan sunucu\/bulut hizmetinin yurt d\u0131\u015f\u0131nda bulunmas\u0131 halinde aktar\u0131m, KVKK <b>md. 9<\/b> uyar\u0131nca yeterlilik karar\u0131, uygun g\u00fcvenceler (standart s\u00f6zle\u015fme, ba\u011flay\u0131c\u0131 \u015firket kurallar\u0131) veya Kanun&#x27;da \u00f6ng\u00f6r\u00fclen istisnalar \u00e7er\u00e7evesinde ger\u00e7ekle\u015ftirilir. <i>[Hizmet sa\u011flay\u0131c\u0131n\u0131n bulundu\u011fu \u00fclke ve uygulanan g\u00fcvence bu alanda belirtilecektir: &#8230;&#8230;&#8230;&#8230;&#8230;&#8230;&#8230;..]<\/i><\/p>\n<h3>A.7. Saklama s\u00fcreleri<\/h3>\n<table style=\"border-collapse:collapse;width:100%;margin:12px 0;font-size:14px;\">\n<tbody>\n<tr>\n<td style=\"border:1px solid #cfcfcf;padding:6px 9px;vertical-align:top;\"><b>Veri<\/b><\/td>\n<td style=\"border:1px solid #cfcfcf;padding:6px 9px;vertical-align:top;\"><b>S\u00fcre<\/b><\/td>\n<\/tr>\n<tr>\n<td style=\"border:1px solid #cfcfcf;padding:6px 9px;vertical-align:top;\">\u00d6d\u00fcl veya sergileme almayan eser dosyalar\u0131<\/td>\n<td style=\"border:1px solid #cfcfcf;padding:6px 9px;vertical-align:top;\">Sonu\u00e7 duyurusundan itibaren <b>90 g\u00fcn<\/b>, ard\u0131ndan kal\u0131c\u0131 olarak silinir ve silme i\u015flemi tutana\u011fa ba\u011flan\u0131r<\/td>\n<\/tr>\n<tr>\n<td style=\"border:1px solid #cfcfcf;padding:6px 9px;vertical-align:top;\">Ba\u015fvuru kay\u0131tlar\u0131 ve ileti\u015fim bilgileri<\/td>\n<td style=\"border:1px solid #cfcfcf;padding:6px 9px;vertical-align:top;\">Program d\u00f6neminin bitiminden itibaren <b>[5] y\u0131l<\/b> <i>(itiraz ve olas\u0131 hukuki s\u00fcre\u00e7ler i\u00e7in)<\/i><\/td>\n<\/tr>\n<tr>\n<td style=\"border:1px solid #cfcfcf;padding:6px 9px;vertical-align:top;\">\u00d6d\u00fcl alan ve sergilenen eserler ile k\u00fcnye bilgileri<\/td>\n<td style=\"border:1px solid #cfcfcf;padding:6px 9px;vertical-align:top;\">\u015eartname Md. 15.2&#x27;deki <b>[2] y\u0131ll\u0131k<\/b> kullan\u0131m s\u00fcresi boyunca; s\u00fcrenin sonunda program\u0131n tarihsel ar\u015fivinde yaln\u0131zca eser ad\u0131, eser sahibinin ad\u0131 ve \u00f6d\u00fcl bilgisi kal\u0131r<\/td>\n<\/tr>\n<tr>\n<td style=\"border:1px solid #cfcfcf;padding:6px 9px;vertical-align:top;\">Se\u00e7ici Kurul tutanaklar\u0131<\/td>\n<td style=\"border:1px solid #cfcfcf;padding:6px 9px;vertical-align:top;\">S\u00fcresiz <i>(program ar\u015fivi)<\/i><\/td>\n<\/tr>\n<tr>\n<td style=\"border:1px solid #cfcfcf;padding:6px 9px;vertical-align:top;\">\u0130\u015flem kay\u0131tlar\u0131 (log)<\/td>\n<td style=\"border:1px solid #cfcfcf;padding:6px 9px;vertical-align:top;\"><b>[2] y\u0131l<\/b><\/td>\n<\/tr>\n<\/tbody>\n<\/table>\n<p>S\u00fcre doldu\u011funda verileriniz, kurumun <b>Ki\u015fisel Veri Saklama ve \u0130mha Politikas\u0131<\/b> uyar\u0131nca silinir, yok edilir veya anonim hale getirilir.<\/p>\n<h3>A.8. Haklar\u0131n\u0131z<\/h3>\n<p>KVKK <b>md. 11<\/b> uyar\u0131nca veri sorumlusuna ba\u015fvurarak \u015fu haklara sahipsiniz:<\/p>\n<p><b>a)<\/b>  Ki\u015fisel verinizin i\u015flenip i\u015flenmedi\u011fini \u00f6\u011frenme;<\/p>\n<p><b>b)<\/b>  \u0130\u015flenmi\u015fse buna ili\u015fkin bilgi talep etme;<\/p>\n<p><b>c)<\/b>  \u0130\u015flenme amac\u0131n\u0131 ve amac\u0131na uygun kullan\u0131l\u0131p kullan\u0131lmad\u0131\u011f\u0131n\u0131 \u00f6\u011frenme;<\/p>\n<p><b>\u00e7)<\/b>  Yurt i\u00e7inde veya yurt d\u0131\u015f\u0131nda aktar\u0131ld\u0131\u011f\u0131 \u00fc\u00e7\u00fcnc\u00fc ki\u015fileri bilme;<\/p>\n<p><b>d)<\/b>  Eksik veya yanl\u0131\u015f i\u015flenmi\u015fse d\u00fczeltilmesini isteme;<\/p>\n<p><b>e)<\/b>  KVKK md. 7&#x27;deki \u015fartlar \u00e7er\u00e7evesinde silinmesini veya yok edilmesini isteme;<\/p>\n<p><b>f)<\/b>  (d) ve (e) kapsam\u0131nda yap\u0131lan i\u015flemlerin, verilerin aktar\u0131ld\u0131\u011f\u0131 \u00fc\u00e7\u00fcnc\u00fc ki\u015filere bildirilmesini isteme;<\/p>\n<p><b>g)<\/b>  M\u00fcnhas\u0131ran otomatik sistemlerle analiz edilmesi suretiyle aleyhinize bir sonu\u00e7 ortaya \u00e7\u0131kmas\u0131na itiraz etme;<\/p>\n<p><b>\u011f)<\/b>  Kanuna ayk\u0131r\u0131 i\u015flenmesi sebebiyle zarara u\u011framan\u0131z halinde zarar\u0131n giderilmesini talep etme.<\/p>\n<p><b>Not:<\/b> Se\u00e7ici Kurul kararlar\u0131 m\u00fcnhas\u0131ran otomatik sistemlerle de\u011fil, insan de\u011ferlendirmesiyle verilir.<\/p>\n<h3>A.9. Ba\u015fvuru usul\u00fc<\/h3>\n<p>Haklar\u0131n\u0131z\u0131 kullanmak i\u00e7in taleplerinizi <b>Veri Sorumlusuna Ba\u015fvuru Usul ve Esaslar\u0131 Hakk\u0131nda Tebli\u011f<\/b>&#x27;e uygun olarak \u015fu yollardan biriyle iletebilirsiniz:<\/p>\n<p><b>Yaz\u0131l\u0131 olarak<\/b> kimli\u011finizi tevsik eden belgeyle birlikte: [adres]<\/p>\n<p><b>Kay\u0131tl\u0131 elektronik posta (KEP)<\/b> adresinizden: [KEP adresi]<\/p>\n<p><b>G\u00fcvenli elektronik imza veya mobil imza<\/b> ile: [e-posta]<\/p>\n<p>Daha \u00f6nce bildirdi\u011finiz ve sistemimizde <b>kay\u0131tl\u0131 bulunan e-posta adresinizden<\/b>: [e-posta]<\/p>\n<p>Ba\u015fvurunuz, talebin niteli\u011fine g\u00f6re <b>en k\u0131sa s\u00fcrede ve en ge\u00e7 30 (otuz) g\u00fcn<\/b> i\u00e7inde \u00fccretsiz olarak sonu\u00e7land\u0131r\u0131l\u0131r. \u0130\u015flemin ayr\u0131ca bir maliyet gerektirmesi halinde Kurul&#x27;ca belirlenen tarifedeki \u00fccret al\u0131nabilir.<\/p>\n<h2>B\u00d6L\u00dcM B \u2014 A\u00c7IK RIZA BEYANI<\/h2>\n<p><b>Nas\u0131l kullan\u0131lacak:<\/b> A\u015fa\u011f\u0131daki maddeler ba\u015fvuru formunda <b>ayr\u0131 ayr\u0131 i\u015faretlenebilir<\/b> olarak sunulur. Toplu &quot;hepsini kabul ediyorum&quot; se\u00e7ene\u011fi kullan\u0131lmaz. <b>B.1 zorunludur<\/b> \u2014 i\u015faretlenmezse eser \u00f6d\u00fcl veya sergileme kapsam\u0131na al\u0131namaz. <b>B.2 ve B.3 se\u00e7imliktir<\/b>; i\u015faretlenmemesi ba\u015fvuruyu etkilemez.<\/p>\n<h4>B.1 \u2014 Sonu\u00e7lar\u0131n ilan\u0131, sergi ve e-katalog <\/b><b><i>(\u00f6d\u00fcl\/sergileme halinde gereklidir)<\/i><\/h4>\n<p>Eserimin \u00f6d\u00fcle veya sergilemeye de\u011fer bulunmas\u0131 halinde; <b>ad\u0131m\u0131n, soyad\u0131m\u0131n, yay\u0131n kurulu\u015fumun ve eser bilgilerimin<\/b> kamuya a\u00e7\u0131klanmas\u0131na, eserimin ATF T\u00fcrkiye kapsam\u0131ndaki sergide ve program\u0131n T\u00fcrk\u00e7e-\u0130ngilizce e-katalo\u011funda yay\u0131mlanmas\u0131na a\u00e7\u0131k r\u0131za veriyorum.<\/p>\n<h4>\u00a0B.2 \u2014 Program\u0131n tan\u0131t\u0131m\u0131nda kullan\u0131m <\/b><b><i>(se\u00e7imlik)<\/i><\/h4>\n<p>Eserimin ve ad\u0131m\u0131n, \u015eartname Md. 15.2&#x27;de say\u0131lan s\u0131n\u0131rlar dahilinde \u2014 yaln\u0131zca program\u0131n tan\u0131t\u0131m\u0131, sonu\u00e7 duyurusu, sergi, e-katalog ve program haberleri kapsam\u0131nda, <b>[2] y\u0131l<\/b> s\u00fcreyle ve <b>k\u00fcnyemle birlikte<\/b> \u2014 kullan\u0131lmas\u0131na a\u00e7\u0131k r\u0131za veriyorum.<\/p>\n<p><i>Bu izin; Fuar&#x27;\u0131n veya turizmin genel tan\u0131t\u0131m\u0131na y\u00f6nelik afi\u015f, ilan, tan\u0131t\u0131m filmi ve fuar materyallerini, kurumsal tan\u0131t\u0131m\u0131 ve her t\u00fcrl\u00fc ticari kullan\u0131m\u0131 kapsamaz.<\/i>**<\/p>\n<h4>\u00a0B.3 \u2014 Gelecek d\u00f6nem duyurular\u0131 <\/b><b><i>(se\u00e7imlik)<\/i><\/h4>\n<p>Turizm Medya \u00d6d\u00fclleri&#x27;nin sonraki d\u00f6nemlerine ili\u015fkin duyurular\u0131n e-posta ve\/veya SMS ile taraf\u0131ma g\u00f6nderilmesine; bu kapsamda ileti\u015fim bilgilerimin i\u015flenmesine a\u00e7\u0131k r\u0131za veriyorum.<\/p>\n<p><i>Bu onay, 6563 say\u0131l\u0131 Elektronik Ticaretin D\u00fczenlenmesi Hakk\u0131nda Kanun kapsam\u0131nda ticari elektronik ileti onay\u0131 yerine ge\u00e7er ve \u0130leti Y\u00f6netim Sistemi (\u0130YS)&#x27;ne kaydedilir. Onay\u0131 her zaman \u00fccretsiz olarak geri alabilirsiniz.<\/i><\/p>\n<p><b>R\u0131zan\u0131n geri al\u0131nmas\u0131.<\/b> Verdi\u011finiz a\u00e7\u0131k r\u0131zay\u0131 diledi\u011finiz zaman, B\u00f6l\u00fcm A.9&#x27;daki yollarla geri alabilirsiniz. Geri alma ileriye etkilidir; geri alma tarihine kadar hukuka uygun olarak ger\u00e7ekle\u015ftirilmi\u015f i\u015flemleri ve o tarihe kadar yay\u0131mlanm\u0131\u015f e-katalog ile kurulmu\u015f sergi materyallerini etkilemez.<\/p>\n<p><b>Beyan<\/b><\/p>\n<p>Yukar\u0131da yer alan <b>Ayd\u0131nlatma Metni<\/b>&#x27;ni okudum, anlad\u0131m. \u0130\u015faretledi\u011fim maddeler bak\u0131m\u0131ndan ki\u015fisel verilerimin belirtilen kapsamda i\u015flenmesine <b>\u00f6zg\u00fcr irademle a\u00e7\u0131k r\u0131za veriyorum.<\/b><\/p>\n<p>Ad Soyad: [&#8230;&#8230;&#8230;&#8230;&#8230;&#8230;&#8230;&#8230;&#8230;&#8230;&#8230;&#8230;.]\u00a0 \u00b7\u00a0 Tarih: [&#8230;&#8230;..\/&#8230;&#8230;..\/20&#8230;.]<\/p>\n<h2>B\u00d6L\u00dcM C \u2014 MUVAFAKATNAME<\/h2>\n<p><i>Eserde yer alan \u00fc\u00e7\u00fcnc\u00fc ki\u015filer i\u00e7in \u2014 \u015eartname Ek-3<\/i><\/p>\n<p><b>Ne zaman gerekir:<\/b> \u00d6d\u00fcl veya sergileme alan bir eserde tan\u0131nabilir bir ki\u015fi yer al\u0131yorsa, Program Sekretaryas\u0131 kat\u0131l\u0131mc\u0131dan bu belgeyi talep edebilir. <b>\u00c7ocuklar\u0131n yer ald\u0131\u011f\u0131 i\u00e7eriklerde veli\/vasi imzas\u0131 zorunludur.<\/b><\/p>\n<p><b>MUVAFAKATNAME<\/b><\/p>\n<p>A\u015fa\u011f\u0131da imzas\u0131 bulunan ben, <b>[Ad Soyad]<\/b>;<\/p>\n<p><b>[Foto\u011fraf\u00e7\u0131 \/ gazeteci Ad Soyad]<\/b> taraf\u0131ndan <b>[&#8230;&#8230;..\/&#8230;&#8230;..\/20&#8230;.]<\/b> tarihinde <b>[\u00e7ekim\/kay\u0131t yeri]<\/b> konumunda \u00e7ekilen\/kaydedilen ve <b>&quot;[Eser ad\u0131]&quot;<\/b> olarak adland\u0131r\u0131lan eserde <b>g\u00f6r\u00fcnt\u00fcm\u00fcn \/ sesimin<\/b> yer ald\u0131\u011f\u0131n\u0131;<\/p>\n<p>Bu eserin <b>Turizm Medya \u00d6d\u00fclleri 2026<\/b> program\u0131na g\u00f6nderilmesine, program kapsam\u0131nda de\u011ferlendirilmesine, ATF T\u00fcrkiye kapsam\u0131ndaki sergide g\u00f6sterilmesine, program\u0131n e-katalo\u011funda yay\u0131mlanmas\u0131na ve program\u0131n tan\u0131t\u0131m\u0131na ili\u015fkin haber ve duyurularda kullan\u0131lmas\u0131na;<\/p>\n<p>Program \u015eartnamesi&#x27;nin 15. maddesinde tan\u0131mlanan s\u0131n\u0131rlar ve <b>[2] y\u0131ll\u0131k<\/b> s\u00fcre dahilinde muvafakat etti\u011fimi;<\/p>\n<p>Bu kullan\u0131mlar i\u00e7in herhangi bir bedel talep etmeyece\u011fimi;<\/p>\n<p>beyan ve kabul ederim.<\/p>\n<table style=\"border-collapse:collapse;width:100%;margin:12px 0;font-size:14px;\">\n<tbody>\n<tr>\n<td style=\"border:1px solid #cfcfcf;padding:6px 9px;vertical-align:top;\">Ad Soyad<\/td>\n<td style=\"border:1px solid #cfcfcf;padding:6px 9px;vertical-align:top;\">[&#8230;&#8230;&#8230;&#8230;&#8230;&#8230;&#8230;&#8230;&#8230;&#8230;&#8230;&#8230;.]<\/td>\n<\/tr>\n<tr>\n<td style=\"border:1px solid #cfcfcf;padding:6px 9px;vertical-align:top;\">T.C. Kimlik No<\/td>\n<td style=\"border:1px solid #cfcfcf;padding:6px 9px;vertical-align:top;\">[&#8230;&#8230;&#8230;&#8230;&#8230;&#8230;&#8230;&#8230;&#8230;&#8230;&#8230;&#8230;.]<\/td>\n<\/tr>\n<tr>\n<td style=\"border:1px solid #cfcfcf;padding:6px 9px;vertical-align:top;\">\u0130leti\u015fim<\/td>\n<td style=\"border:1px solid #cfcfcf;padding:6px 9px;vertical-align:top;\">[&#8230;&#8230;&#8230;&#8230;&#8230;&#8230;&#8230;&#8230;&#8230;&#8230;&#8230;&#8230;.]<\/td>\n<\/tr>\n<tr>\n<td style=\"border:1px solid #cfcfcf;padding:6px 9px;vertical-align:top;\">Tarih<\/td>\n<td style=\"border:1px solid #cfcfcf;padding:6px 9px;vertical-align:top;\">[&#8230;&#8230;..\/&#8230;&#8230;..\/20&#8230;.]<\/td>\n<\/tr>\n<tr>\n<td style=\"border:1px solid #cfcfcf;padding:6px 9px;vertical-align:top;\">\u0130mza<\/td>\n<td style=\"border:1px solid #cfcfcf;padding:6px 9px;vertical-align:top;\">\n<\/td>\n<\/tr>\n<\/tbody>\n<\/table>\n<p><b>18 ya\u015f\u0131ndan k\u00fc\u00e7\u00fckler i\u00e7in veli\/vasi beyan\u0131<\/b><\/p>\n<p>Velisi\/vasisi bulundu\u011fum <b>[\u00e7ocu\u011fun ad\u0131 soyad\u0131]<\/b> ad\u0131na yukar\u0131daki muvafakati veriyorum.<\/p>\n<table style=\"border-collapse:collapse;width:100%;margin:12px 0;font-size:14px;\">\n<tbody>\n<tr>\n<td style=\"border:1px solid #cfcfcf;padding:6px 9px;vertical-align:top;\">Veli\/Vasi Ad Soyad<\/td>\n<td style=\"border:1px solid #cfcfcf;padding:6px 9px;vertical-align:top;\">[&#8230;&#8230;&#8230;&#8230;&#8230;&#8230;&#8230;&#8230;&#8230;&#8230;&#8230;&#8230;.]<\/td>\n<\/tr>\n<tr>\n<td style=\"border:1px solid #cfcfcf;padding:6px 9px;vertical-align:top;\">T.C. Kimlik No<\/td>\n<td style=\"border:1px solid #cfcfcf;padding:6px 9px;vertical-align:top;\">[&#8230;&#8230;&#8230;&#8230;&#8230;&#8230;&#8230;&#8230;&#8230;&#8230;&#8230;&#8230;.]<\/td>\n<\/tr>\n<tr>\n<td style=\"border:1px solid #cfcfcf;padding:6px 9px;vertical-align:top;\">Yak\u0131nl\u0131k derecesi<\/td>\n<td style=\"border:1px solid #cfcfcf;padding:6px 9px;vertical-align:top;\">[&#8230;&#8230;&#8230;&#8230;&#8230;&#8230;&#8230;&#8230;&#8230;&#8230;&#8230;&#8230;.]<\/td>\n<\/tr>\n<tr>\n<td style=\"border:1px solid #cfcfcf;padding:6px 9px;vertical-align:top;\">Tarih ve \u0130mza<\/td>\n<td style=\"border:1px solid #cfcfcf;padding:6px 9px;vertical-align:top;\">[&#8230;&#8230;..\/&#8230;&#8230;..\/20&#8230;.]<\/td>\n<\/tr>\n<\/tbody>\n<\/table>\n<p><b>B\u00d6L\u00dcM D \u2014 \u00c7EREZ POL\u0130T\u0130KASI \u00d6ZET\u0130<\/b><\/p>\n<p>Program sayfalar\u0131nda kullan\u0131lan \u00e7erezler:<\/p>\n<table style=\"border-collapse:collapse;width:100%;margin:12px 0;font-size:14px;\">\n<tbody>\n<tr>\n<td style=\"border:1px solid #cfcfcf;padding:6px 9px;vertical-align:top;\"><b>T\u00fcr<\/b><\/td>\n<td style=\"border:1px solid #cfcfcf;padding:6px 9px;vertical-align:top;\"><b>Ama\u00e7<\/b><\/td>\n<td style=\"border:1px solid #cfcfcf;padding:6px 9px;vertical-align:top;\"><b>Onay gerekir mi<\/b><\/td>\n<\/tr>\n<tr>\n<td style=\"border:1px solid #cfcfcf;padding:6px 9px;vertical-align:top;\"><b>Zorunlu \u00e7erezler<\/b><\/td>\n<td style=\"border:1px solid #cfcfcf;padding:6px 9px;vertical-align:top;\">Oturumun s\u00fcrd\u00fcr\u00fclmesi, form g\u00fcvenli\u011fi, yar\u0131m kalan ba\u015fvurunun hat\u0131rlanmas\u0131<\/td>\n<td style=\"border:1px solid #cfcfcf;padding:6px 9px;vertical-align:top;\">Hay\u0131r \u2014 sitenin \u00e7al\u0131\u015fmas\u0131 i\u00e7in gerekli<\/td>\n<\/tr>\n<tr>\n<td style=\"border:1px solid #cfcfcf;padding:6px 9px;vertical-align:top;\"><b>Tercih \u00e7erezleri<\/b><\/td>\n<td style=\"border:1px solid #cfcfcf;padding:6px 9px;vertical-align:top;\">Dil ve g\u00f6r\u00fcnt\u00fcleme tercihleri<\/td>\n<td style=\"border:1px solid #cfcfcf;padding:6px 9px;vertical-align:top;\">Hay\u0131r<\/td>\n<\/tr>\n<tr>\n<td style=\"border:1px solid #cfcfcf;padding:6px 9px;vertical-align:top;\"><b>\u0130statistik \/ analiz \u00e7erezleri<\/b><\/td>\n<td style=\"border:1px solid #cfcfcf;padding:6px 9px;vertical-align:top;\">Ziyaret\u00e7i say\u0131s\u0131 ve sayfa kullan\u0131m\u0131n\u0131n \u00f6l\u00e7\u00fclmesi<\/td>\n<td style=\"border:1px solid #cfcfcf;padding:6px 9px;vertical-align:top;\"><b>Evet \u2014 a\u00e7\u0131k r\u0131za al\u0131nmadan y\u00fcklenmez<\/b><\/td>\n<\/tr>\n<tr>\n<td style=\"border:1px solid #cfcfcf;padding:6px 9px;vertical-align:top;\"><b>Pazarlama \u00e7erezleri<\/b><\/td>\n<td style=\"border:1px solid #cfcfcf;padding:6px 9px;vertical-align:top;\">Kullan\u0131lmamaktad\u0131r<\/td>\n<td style=\"border:1px solid #cfcfcf;padding:6px 9px;vertical-align:top;\">\u2014<\/td>\n<\/tr>\n<\/tbody>\n<\/table>\n<p><b>Uygulama kural\u0131:<\/b> Analiz ve pazarlama \u00e7erezleri, ziyaret\u00e7i <b>\u00e7erez bildiriminde onay vermeden y\u00fcklenmez.<\/b> \u00c7erez bildirimi &quot;T\u00fcm\u00fcn\u00fc kabul et&quot; ve <b>&quot;Yaln\u0131zca zorunlu \u00e7erezler&quot;<\/b> se\u00e7eneklerini e\u015fit g\u00f6r\u00fcn\u00fcrl\u00fckte sunar. Tercih, taray\u0131c\u0131da saklan\u0131r ve diledi\u011finiz zaman de\u011fi\u015ftirilebilir.<\/p>\n<h2>B\u00d6L\u00dcM E \u2014 S\u0130TEDE KULLANILACAK KISA MET\u0130NLER<\/h2>\n<p><i>Geli\u015ftirici i\u00e7in \u2014 form ve bildirimlerde birebir kullan\u0131lacak<\/i><\/p>\n<h4>Ba\u015fvuru formundaki onay kutucuklar\u0131<\/h4>\n<p>\u2610 <b>KVKK Ayd\u0131nlatma Metni<\/b>&#x27;ni okudum. <i>(ba\u011flant\u0131)<\/i><\/p>\n<p>\u2610 Eserim \u00f6d\u00fcl veya sergileme al\u0131rsa; ad\u0131m\u0131n, yay\u0131n kurulu\u015fumun ve eser bilgilerimin a\u00e7\u0131klanmas\u0131na, eserimin sergide ve e-katalogda yay\u0131mlanmas\u0131na <b>a\u00e7\u0131k r\u0131za veriyorum.<\/b><\/p>\n<p>\u2610 <i>(Se\u00e7imlik)<\/i> Eserimin program\u0131n tan\u0131t\u0131m\u0131nda, \u015eartname&#x27;de tan\u0131mlanan s\u0131n\u0131rlar ve 2 y\u0131ll\u0131k s\u00fcre i\u00e7inde, k\u00fcnyemle birlikte kullan\u0131lmas\u0131na a\u00e7\u0131k r\u0131za veriyorum.<\/p>\n<p>\u2610 <i>(Se\u00e7imlik)<\/i> Sonraki d\u00f6nem duyurular\u0131n\u0131n e-posta ile g\u00f6nderilmesini istiyorum.<\/p>\n<h4>T.C. kimlik numaras\u0131 alan\u0131n\u0131n yard\u0131m metni<\/h4>\n<p>Yaln\u0131zca kimli\u011finizi do\u011frulamak ve m\u00fckerrer ba\u015fvuruyu \u00f6nlemek i\u00e7in istiyoruz. J\u00fcriye hi\u00e7bir a\u015famada g\u00f6sterilmiyor.<\/p>\n<h4>Dosya y\u00fckleme alan\u0131n\u0131n bilgi notu<\/h4>\n<p>Y\u00fckledi\u011finiz dosyalar yaln\u0131zca program kapsam\u0131nda i\u015flenir. \u00d6d\u00fcl veya sergileme almayan eserler, sonu\u00e7 duyurusundan 90 g\u00fcn sonra kal\u0131c\u0131 olarak silinir.<\/p>\n<h4>\u00c7erez bildirimi<\/h4>\n<p>Bu sitede, \u00e7al\u0131\u015fmas\u0131 i\u00e7in gerekli \u00e7erezler kullan\u0131l\u0131r. \u0130statistik \u00e7erezlerini yaln\u0131zca onay\u0131n\u0131zla kullan\u0131r\u0131z.<\/p>\n<p><b>[ Yaln\u0131zca zorunlu \u00e7erezler ]<\/b>\u00a0 <b>[ T\u00fcm\u00fcn\u00fc kabul et ]<\/b>\u00a0 \u00b7\u00a0 [\u00c7erez Politikas\u0131]<\/p>\n<h4>Verilerime eri\u015fmek istiyorum ba\u011flant\u0131s\u0131<\/h4>\n<p>Ki\u015fisel verilerinizle ilgili taleplerinizi\u00a0 HYPERLINK &quot;mailto:info@antalyaturizmfuari.com&quot; info@antalyaturizmfuari.com adresine iletebilirsiniz. Ba\u015fvurunuzu en ge\u00e7 30 g\u00fcn i\u00e7inde \u00fccretsiz olarak yan\u0131tlar\u0131z. Ayr\u0131nt\u0131lar: KVKK Ayd\u0131nlatma Metni<\/p>\n<p>Antalya Gazeteciler Cemiyeti\u00a0 \u00d7\u00a0 ATF T\u00fcrkiye\u00a0 \u00a0 \u00a0 \u00a0 PAGE1 \/ NUMPAGES1<\/p>\n","protected":false},"excerpt":{"rendered":"<p>TUR\u0130ZM MEDYA \u00d6D\u00dcLLER\u0130 2026 KVKK AYDINLATMA METN\u0130, A\u00c7IK RIZA BEYANI VE MUVAFAKATNAME Veri sorumlusu: ATF T\u00fcrkiye \u2013 Uluslararas\u0131 Antalya Turizm Fuar\u0131&#x27;n\u0131 d\u00fczenleyen GMT Fuarc\u0131l\u0131k Limited \u015eirketi \u0130lgili belge: 05-Sartname-2026-ATF \u2014 Program \u015eartnamesi Ek-2A B\u00d6L\u00dcM A \u2014 AYDINLATMA METN\u0130 6698 say\u0131l\u0131 Ki\u015fisel Verilerin Korunmas\u0131 Kanunu&#x27;nun 10. maddesi uyar\u0131nca A.1. Veri sorumlusunun kimli\u011fi Unvan [GMT Fuarc\u0131l\u0131k Limited [&hellip;]<\/p>\n","protected":false},"author":0,"featured_media":0,"parent":0,"menu_order":0,"comment_status":"closed","ping_status":"closed","template":"","meta":{"footnotes":""},"class_list":["post-3351","page","type-page","status-publish","hentry"],"jetpack_sharing_enabled":true,"_links":{"self":[{"href":"https:\/\/atfantalya.com\/es\/wp-json\/wp\/v2\/pages\/3351","targetHints":{"allow":["GET"]}}],"collection":[{"href":"https:\/\/atfantalya.com\/es\/wp-json\/wp\/v2\/pages"}],"about":[{"href":"https:\/\/atfantalya.com\/es\/wp-json\/wp\/v2\/types\/page"}],"replies":[{"embeddable":true,"href":"https:\/\/atfantalya.com\/es\/wp-json\/wp\/v2\/comments?post=3351"}],"version-history":[{"count":0,"href":"https:\/\/atfantalya.com\/es\/wp-json\/wp\/v2\/pages\/3351\/revisions"}],"wp:attachment":[{"href":"https:\/\/atfantalya.com\/es\/wp-json\/wp\/v2\/media?parent=3351"}],"curies":[{"name":"wp","href":"https:\/\/api.w.org\/{rel}","templated":true}]}}