{"id":3350,"date":"2026-09-01T14:15:01","date_gmt":"2026-09-01T11:15:01","guid":{"rendered":"https:\/\/antalyaturizmfuari.com\/tmo-program-sartnamesi\/"},"modified":"2026-09-01T14:15:01","modified_gmt":"2026-09-01T11:15:01","slug":"tmo-program-sartnamesi","status":"publish","type":"page","link":"https:\/\/atfantalya.com\/de\/tmo-program-sartnamesi\/","title":{"rendered":"Turizm Medya \u00d6d\u00fclleri 2026 \u2014 Program \u015eartnamesi"},"content":{"rendered":"<h2>TUR\u0130ZM MEDYA \u00d6D\u00dcLLER\u0130 2026<\/h2>\n<h3>YILIN TUR\u0130ZM HABER\u0130 \u00b7 YILIN TUR\u0130ZM FOTO\u011eRAFI<\/h3>\n<h2>PROGRAM \u015eARTNAMES\u0130<\/h2>\n<p><b>D\u00fczenleyen:<\/b> ATF T\u00fcrkiye \u2013 Uluslararas\u0131 Antalya Turizm Fuar\u0131 GMT Fuarc\u0131l\u0131k Limited \u015eirketi<\/p>\n<h3>1. PROGRAMIN ADI VE YAPISI<\/h3>\n<p>Program\u0131n ad\u0131 <b>&quot;Turizm Medya \u00d6d\u00fclleri 2026&quot;<\/b>dir. Program <b>ATF T\u00fcrkiye \u2013 Uluslararas\u0131 Antalya Turizm Fuar\u0131<\/b> taraf\u0131ndan d\u00fczenlenir; bu metinde <b>&quot;D\u00fczenleyici&quot;<\/b> olarak an\u0131l\u0131r. Programa en az bir eserle ba\u015fvuran ki\u015fi <b>&quot;Kat\u0131l\u0131mc\u0131&quot;<\/b>d\u0131r.<\/p>\n<p>Program <b>iki \u00f6d\u00fcl dal\u0131<\/b> ve bir sergi bile\u015feninden olu\u015fur:<\/p>\n<table style=\"border-collapse:collapse;width:100%;margin:12px 0;font-size:14px;\">\n<tbody>\n<tr>\n<td style=\"border:1px solid #cfcfcf;padding:6px 9px;vertical-align:top;\">\n<\/td>\n<td style=\"border:1px solid #cfcfcf;padding:6px 9px;vertical-align:top;\"><b>DAL 1<\/b><\/td>\n<td style=\"border:1px solid #cfcfcf;padding:6px 9px;vertical-align:top;\"><b>DAL 2<\/b><\/td>\n<td style=\"border:1px solid #cfcfcf;padding:6px 9px;vertical-align:top;\"><b>B\u0130LE\u015eEN<\/b><\/td>\n<\/tr>\n<tr>\n<td style=\"border:1px solid #cfcfcf;padding:6px 9px;vertical-align:top;\">Ad\u0131<\/td>\n<td style=\"border:1px solid #cfcfcf;padding:6px 9px;vertical-align:top;\"><b>YILIN TUR\u0130ZM HABER\u0130<\/b><\/td>\n<td style=\"border:1px solid #cfcfcf;padding:6px 9px;vertical-align:top;\"><b>YILIN TUR\u0130ZM FOTO\u011eRAFI<\/b><\/td>\n<td style=\"border:1px solid #cfcfcf;padding:6px 9px;vertical-align:top;\">\u00c7a\u011fr\u0131l\u0131 Foto\u011fraf Se\u00e7kisi<\/td>\n<\/tr>\n<tr>\n<td style=\"border:1px solid #cfcfcf;padding:6px 9px;vertical-align:top;\">Niteli\u011fi<\/td>\n<td style=\"border:1px solid #cfcfcf;padding:6px 9px;vertical-align:top;\">\u00d6d\u00fcll\u00fc yar\u0131\u015fma<\/td>\n<td style=\"border:1px solid #cfcfcf;padding:6px 9px;vertical-align:top;\">\u00d6d\u00fcll\u00fc yar\u0131\u015fma<\/td>\n<td style=\"border:1px solid #cfcfcf;padding:6px 9px;vertical-align:top;\">Sergi se\u00e7kisi \u2014 yar\u0131\u015fma de\u011fil<\/td>\n<\/tr>\n<tr>\n<td style=\"border:1px solid #cfcfcf;padding:6px 9px;vertical-align:top;\">Kim<\/td>\n<td style=\"border:1px solid #cfcfcf;padding:6px 9px;vertical-align:top;\">Bas\u0131n mensuplar\u0131<\/td>\n<td style=\"border:1px solid #cfcfcf;padding:6px 9px;vertical-align:top;\">Foto muhabirleri<\/td>\n<td style=\"border:1px solid #cfcfcf;padding:6px 9px;vertical-align:top;\">Davet edilen foto\u011fraf\u00e7\u0131lar<\/td>\n<\/tr>\n<tr>\n<td style=\"border:1px solid #cfcfcf;padding:6px 9px;vertical-align:top;\">De\u011ferlendirme<\/td>\n<td style=\"border:1px solid #cfcfcf;padding:6px 9px;vertical-align:top;\">K\u00fcnyeli (Md. 10.4)<\/td>\n<td style=\"border:1px solid #cfcfcf;padding:6px 9px;vertical-align:top;\">Kodlanm\u0131\u015f \/ k\u00f6r (Md. 10.3)<\/td>\n<td style=\"border:1px solid #cfcfcf;padding:6px 9px;vertical-align:top;\">K\u00fcratoryal se\u00e7ki<\/td>\n<\/tr>\n<tr>\n<td style=\"border:1px solid #cfcfcf;padding:6px 9px;vertical-align:top;\">Kar\u015f\u0131l\u0131\u011f\u0131<\/td>\n<td style=\"border:1px solid #cfcfcf;padding:6px 9px;vertical-align:top;\">Plaket + onur belgesi<\/td>\n<td style=\"border:1px solid #cfcfcf;padding:6px 9px;vertical-align:top;\">Plaket + onur belgesi<\/td>\n<td style=\"border:1px solid #cfcfcf;padding:6px 9px;vertical-align:top;\">Telif (kullan\u0131m) bedeli<\/td>\n<\/tr>\n<\/tbody>\n<\/table>\n<p><b>1.1.<\/b> Her iki dal\u0131n kazananlar\u0131 ve se\u00e7kiye giren eserler <b>ayn\u0131 sergide, ayn\u0131 e-katalogda ve ayn\u0131 \u00f6d\u00fcl t\u00f6reninde<\/b> yer al\u0131r.<\/p>\n<p><b>1.2. J\u00fcri \u00d6zel \u00d6d\u00fcl\u00fc.<\/b> Derece \u00f6d\u00fcllerinden ba\u011f\u0131ms\u0131z olarak, her iki daldan da verilebilecek <b>bir (1) J\u00fcri \u00d6zel \u00d6d\u00fcl\u00fc<\/b> bulunur (Md. 11.3).<\/p>\n<p><b>1.3.<\/b> Program <b>ulusal \u00f6l\u00e7eklidir<\/b> ve konusu <b>yaln\u0131zca turizmdir.<\/b><\/p>\n<h3>2. AMA\u00c7 VE KONU<\/h3>\n<p><b>2.1.<\/b> Program\u0131n konusu <b>T\u00fcrkiye turizmidir.<\/b> Turizmin ekonomisi, insan\u0131, miras\u0131, do\u011fas\u0131 ve sorunlar\u0131; gazetecilik ve foto\u011fraf\u0131n belgeleyici g\u00fcc\u00fcyle kay\u0131t alt\u0131na al\u0131nmak istenmektedir.<\/p>\n<p><b>2.2.<\/b> Ama\u00e7lar:<\/p>\n<p><b>a)<\/b>  Turizmi konu edinen nitelikli gazetecilik \u00fcretimini te\u015fvik etmek ve \u00f6d\u00fcllendirmek;<\/p>\n<p><b>b)<\/b>  Turizm alan\u0131nda \u00fcreten foto muhabirlerini te\u015fvik etmek ve mesleki \u00fcretimlerini \u00f6d\u00fcllendirmek;<\/p>\n<p><b>c)<\/b>  T\u00fcrkiye turizminin telif durumu a\u00e7\u0131k, nitelikli bir g\u00f6rsel ve metinsel ar\u015fivini olu\u015fturmaya ba\u015flamak;<\/p>\n<p><b>d)<\/b>  Turizmin g\u00f6r\u00fcnmeyen y\u00fcz\u00fcn\u00fc \u2014 \u00e7al\u0131\u015fan\u0131n\u0131, zanaatkar\u0131n\u0131, mevsimlik eme\u011fini, \u00e7evresel etkisini \u2014 g\u00f6r\u00fcn\u00fcr k\u0131lmak;<\/p>\n<p><b>e)<\/b>  ATF T\u00fcrkiye&#x27;nin uluslararas\u0131 vitrininde T\u00fcrkiye turizmini \u00f6zg\u00fcn i\u00e7eriklerle anlatmak.<\/p>\n<h2>DAL 1 \u2014 YILIN TUR\u0130ZM HABER\u0130<\/h2>\n<h3>3. KATILIM KO\u015eULLARI<\/h3>\n<p><b>3.1.<\/b> Kat\u0131l\u0131m <b>\u00fccretsizdir.<\/b><\/p>\n<p><b>3.2.<\/b> Dala a\u015fa\u011f\u0131daki ko\u015fullardan <b>en az birini<\/b> belgeleyen ki\u015filer kat\u0131labilir:<\/p>\n<p><b>a)<\/b>  Bas\u0131n Kart\u0131 Y\u00f6netmeli\u011fi uyar\u0131nca verilmi\u015f <b>ge\u00e7erli bir bas\u0131n kart\u0131<\/b> (s\u00fcreli, s\u00fcrekli veya ge\u00e7ici) sahibi olmak;<\/p>\n<p><b>b)<\/b>  Son iki y\u0131l i\u00e7inde bir yay\u0131n kurulu\u015funda <b>gazeteci olarak \u00e7al\u0131\u015ft\u0131\u011f\u0131n\u0131<\/b> belgelemek (\u00e7al\u0131\u015fma belgesi, k\u00fcnye, s\u00f6zle\u015fme);<\/p>\n<p><b>c)<\/b>  Bir gazeteciler cemiyeti veya meslek \u00f6rg\u00fct\u00fcn\u00fcn <b>\u00fcyesi<\/b> olmak.<\/p>\n<p><b>3.3.<\/b> Kat\u0131l\u0131mc\u0131, ba\u015fvuru s\u0131ras\u0131nda bu belgelerden birini sisteme y\u00fckler. Do\u011frulama <b>Program Sekretaryas\u0131<\/b> taraf\u0131ndan yap\u0131l\u0131r; belgesi do\u011frulanamayan ba\u015fvuru de\u011ferlendirmeye al\u0131nmaz.<\/p>\n<p><b>3.4.<\/b> Ya\u015f s\u0131n\u0131r\u0131 <b>18<\/b>&#x27;dir.<\/p>\n<p><b>3.5.<\/b> A\u015fa\u011f\u0131dakiler kat\u0131lamaz: D\u00fczenleyici&#x27;nin y\u00f6netim kurulu \u00fcyeleri ve \u00e7al\u0131\u015fanlar\u0131, Program Y\u00fcr\u00fctmesi ve Program Sekretaryas\u0131 \u00fcyeleri, Se\u00e7ici Kurul \u00fcyeleri ile <b>bu ki\u015filerin e\u015fleri, \u00fcstsoy ve altsoylar\u0131, karde\u015fleri ve karde\u015flerinin e\u015fleri.<\/b><\/p>\n<p><b>3.6. Eser say\u0131s\u0131.<\/b> Her aday, <b>yaln\u0131zca bir (1) kategoride ve yaln\u0131zca bir (1) eserle<\/b> kat\u0131labilir. Dizi\/seri halinde yay\u0131mlanm\u0131\u015f \u00e7al\u0131\u015fmalar, en fazla <b>[5] b\u00f6l\u00fcm<\/b> olmak kayd\u0131yla tek eser say\u0131l\u0131r.<\/p>\n<p><b>3.7. Yay\u0131n tarihi.<\/b> Eserlerin <b>1 Ocak 2025 \u2013 30 Eyl\u00fcl 2026<\/b> tarihleri aras\u0131nda yay\u0131mlanm\u0131\u015f olmas\u0131 zorunludur.<\/p>\n<p><b>3.8. Ortak \u00fcretim.<\/b> Birden fazla gazetecinin ortak imzas\u0131n\u0131 ta\u015f\u0131yan eserlerde ba\u015fvuru, imza sahiplerinin tamam\u0131 ad\u0131na yap\u0131l\u0131r; \u00f6d\u00fcl e\u015fit payla\u015ft\u0131r\u0131l\u0131r.<\/p>\n<p><b>3.9.<\/b> Bir eser yaln\u0131zca bir kez \u00f6d\u00fcl alabilir. Kat\u0131l\u0131mc\u0131, \u00f6d\u00fcl grubundan en fazla <b>bir (1) \u00f6d\u00fcl<\/b> al\u0131r.<\/p>\n<h3>4. KATEGOR\u0130LER<\/h3>\n<p><b>4.1. Yaz\u0131l\u0131 ve Dijital Haber \u2013 Ara\u015ft\u0131rma<\/b> Gazete, dergi, ajans ve internet habercili\u011fi \u00fcr\u00fcnleri: haber, haber-ara\u015ft\u0131rma, dosya, veri gazetecili\u011fi.<\/p>\n<p><b>4.2. R\u00f6portaj ve S\u00f6yle\u015fi<\/b> Turizmin insan\u0131n\u0131, i\u015fletmecisini, \u00e7al\u0131\u015fan\u0131n\u0131, yolcusunu veya karar vericisini konu alan r\u00f6portaj ve s\u00f6yle\u015filer.<\/p>\n<p><b>4.3. Televizyon, Video ve Podcast<\/b> Televizyon haberi, haber-belgesel program\u0131, dijital video i\u00e7erik ve sesli yay\u0131n (podcast). S\u00fcre en fazla <b>[20] dakika<\/b>; daha uzun yap\u0131mlarda <b>[15] dakikay\u0131<\/b> a\u015fmayan bir tan\u0131t\u0131m kurgusu sunulur.<\/p>\n<p><b>4.4. Di\u011fer<\/b> Yukar\u0131daki tan\u0131mlara tam olarak girmeyen, ancak turizmi konu edinen gazetecilik \u00e7al\u0131\u015fmalar\u0131. Bu kategoriye ba\u015fvuran kat\u0131l\u0131mc\u0131, eserinin niteli\u011fini gerek\u00e7e metninde k\u0131saca a\u00e7\u0131klar.<\/p>\n<p><b>4.5. Kategori d\u00fczeltmesi.<\/b> Se\u00e7ici Kurul, bir eserin ba\u015fka bir kategoriye daha uygun oldu\u011fu kanaatine var\u0131rsa eseri <b>o kategoride de\u011ferlendirebilir.<\/b> Bu de\u011fi\u015fiklik tutana\u011fa yaz\u0131l\u0131r ve kat\u0131l\u0131mc\u0131ya bildirilir. Kategori de\u011fi\u015fikli\u011fi kat\u0131l\u0131mc\u0131n\u0131n eser say\u0131s\u0131 hakk\u0131n\u0131 etkilemez.<\/p>\n<p><b>4.6.<\/b> Her kategoride bir <b>Birincilik<\/b> verilir. D\u00f6rt kategorinin birincileri aras\u0131ndan Se\u00e7ici Kurul taraf\u0131ndan bir eser, dal\u0131n b\u00fcy\u00fck \u00f6d\u00fcl\u00fc olan <b>&quot;YILIN TUR\u0130ZM HABER\u0130&quot;<\/b> se\u00e7ilir.<\/p>\n<h3>5. ESERLER\u0130N SUNULMASI<\/h3>\n<p><b>5.1.<\/b> Ba\u015fvuru, Madde 10&#x27;daki program ba\u015fvuru formu \u00fczerinden yap\u0131l\u0131r.<\/p>\n<p><b>5.2.<\/b> Her eser i\u00e7in sunulmas\u0131 zorunlu bilgi ve belgeler:<\/p>\n<table style=\"border-collapse:collapse;width:100%;margin:12px 0;font-size:14px;\">\n<tbody>\n<tr>\n<td style=\"border:1px solid #cfcfcf;padding:6px 9px;vertical-align:top;\">\n<\/td>\n<td style=\"border:1px solid #cfcfcf;padding:6px 9px;vertical-align:top;\"><b>Gereken<\/b><\/td>\n<\/tr>\n<tr>\n<td style=\"border:1px solid #cfcfcf;padding:6px 9px;vertical-align:top;\">Eserin ad\u0131 ve k\u00fcnyesi<\/td>\n<td style=\"border:1px solid #cfcfcf;padding:6px 9px;vertical-align:top;\">Yazar\/muhabir ad\u0131, yay\u0131n kurulu\u015fu, yay\u0131n tarihi<\/td>\n<\/tr>\n<tr>\n<td style=\"border:1px solid #cfcfcf;padding:6px 9px;vertical-align:top;\">Yaz\u0131l\u0131 ve dijital eserler<\/td>\n<td style=\"border:1px solid #cfcfcf;padding:6px 9px;vertical-align:top;\">PDF kup\u00fcr veya ekran g\u00f6r\u00fcnt\u00fcs\u00fc <b>+ eri\u015filebilir yay\u0131n ba\u011flant\u0131s\u0131<\/b><\/td>\n<\/tr>\n<tr>\n<td style=\"border:1px solid #cfcfcf;padding:6px 9px;vertical-align:top;\">Televizyon, video, podcast<\/td>\n<td style=\"border:1px solid #cfcfcf;padding:6px 9px;vertical-align:top;\">\u0130zlenebilir\/dinlenebilir ba\u011flant\u0131 + s\u00fcre bilgisi<\/td>\n<\/tr>\n<tr>\n<td style=\"border:1px solid #cfcfcf;padding:6px 9px;vertical-align:top;\">Dizi\/seri \u00e7al\u0131\u015fmalar<\/td>\n<td style=\"border:1px solid #cfcfcf;padding:6px 9px;vertical-align:top;\">B\u00f6l\u00fcmlerin tam listesi ve yay\u0131n tarihleri<\/td>\n<\/tr>\n<tr>\n<td style=\"border:1px solid #cfcfcf;padding:6px 9px;vertical-align:top;\">Gerek\u00e7e metni<\/td>\n<td style=\"border:1px solid #cfcfcf;padding:6px 9px;vertical-align:top;\">En fazla <b>300 kelime<\/b> \u2014 eserin turizm gazetecili\u011fine katk\u0131s\u0131<\/td>\n<\/tr>\n<tr>\n<td style=\"border:1px solid #cfcfcf;padding:6px 9px;vertical-align:top;\">Yay\u0131n teyidi<\/td>\n<td style=\"border:1px solid #cfcfcf;padding:6px 9px;vertical-align:top;\">Yay\u0131n kurulu\u015fundan al\u0131nm\u0131\u015f do\u011frulama yaz\u0131s\u0131 <i>(eri\u015filebilir ba\u011flant\u0131 sunulam\u0131yorsa zorunlu)<\/i><\/td>\n<\/tr>\n<\/tbody>\n<\/table>\n<p><b>5.3.<\/b> Ba\u011flant\u0131s\u0131 \u00e7al\u0131\u015fmayan, yay\u0131n tarihi do\u011frulanamayan veya k\u00fcnyesi eksik ba\u015fvurular de\u011ferlendirmeye al\u0131nmaz. Sekretarya eksikli\u011fi kat\u0131l\u0131mc\u0131ya bildirir; s\u00fcre i\u00e7indeyse tamamlama hakk\u0131 tan\u0131n\u0131r.<\/p>\n<p><b>5.4.<\/b> Yapay zeka ile \u00fcretilmi\u015f metinler kabul edilmez. Kat\u0131l\u0131mc\u0131, eserin kendi gazetecilik \u00fcr\u00fcn\u00fc oldu\u011funu beyan eder. Yapay zekan\u0131n ara\u015ft\u0131rma, de\u015fifre veya \u00e7eviri gibi yard\u0131mc\u0131 i\u015flerde kullan\u0131lmas\u0131 bu kapsamda de\u011fildir; kullan\u0131lm\u0131\u015fsa gerek\u00e7e metninde belirtilir.<\/p>\n<p><b>5.5.<\/b> Eserin ba\u015fka bir gazetecilik \u00f6d\u00fcl\u00fcne kat\u0131lm\u0131\u015f ya da orada \u00f6d\u00fcl alm\u0131\u015f olmas\u0131 kat\u0131l\u0131ma <b>engel de\u011fildir.<\/b> Beyan edilmesi beklenir.<\/p>\n<h2>DAL 2 \u2014 YILIN TUR\u0130ZM FOTO\u011eRAFI<\/h2>\n<h3>6. KATILIM KO\u015eULLARI<\/h3>\n<p><b>6.1.<\/b> Kat\u0131l\u0131m <b>\u00fccretsizdir.<\/b><\/p>\n<p><b>6.2.<\/b> Dala a\u015fa\u011f\u0131daki ko\u015fullardan <b>en az birini<\/b> belgeleyen ki\u015filer kat\u0131labilir:<\/p>\n<p><b>a)<\/b>  Bas\u0131n Kart\u0131 Y\u00f6netmeli\u011fi uyar\u0131nca verilmi\u015f <b>ge\u00e7erli bir bas\u0131n kart\u0131<\/b> (s\u00fcreli, s\u00fcrekli veya ge\u00e7ici) sahibi olmak;<\/p>\n<p><b>b)<\/b>  Son iki y\u0131l i\u00e7inde bir yay\u0131n kurulu\u015funda <b>foto muhabiri olarak \u00e7al\u0131\u015ft\u0131\u011f\u0131n\u0131<\/b> belgelemek;<\/p>\n<p><b>c)<\/b>  Bir gazeteciler cemiyeti veya meslek \u00f6rg\u00fct\u00fcn\u00fcn <b>foto\u011fraf muhabiri \u00fcyesi<\/b> olmak.<\/p>\n<p><b>6.3.<\/b> Do\u011frulama Madde 3.3&#x27;teki usulle yap\u0131l\u0131r.<\/p>\n<p><b>6.4.<\/b> Ya\u015f s\u0131n\u0131r\u0131 <b>18<\/b>&#x27;dir. Madde 3.5&#x27;teki kat\u0131l\u0131m yasaklar\u0131 bu dal i\u00e7in de ge\u00e7erlidir; ayr\u0131ca <b>\u00c7a\u011fr\u0131l\u0131 Foto\u011fraf Se\u00e7kisi&#x27;ne davet edilen foto\u011fraf\u00e7\u0131lar<\/b> bu dala kat\u0131lamaz.<\/p>\n<p><b>6.5. Eser say\u0131s\u0131.<\/b> Her kat\u0131l\u0131mc\u0131 dal\u0131n tamam\u0131nda en fazla <b>[6] (alt\u0131)<\/b>, her kategoride en fazla <b>[3] (\u00fc\u00e7)<\/b> eserle kat\u0131labilir.<\/p>\n<p><b>6.6. \u00c7ekim tarihi.<\/b> Foto\u011fraflar\u0131n <b>1 Ocak 2025 tarihi ile son ba\u015fvuru tarihi aras\u0131nda<\/b> \u00e7ekilmi\u015f olmas\u0131 zorunludur.<\/p>\n<p><b>6.7. \u00c7ekim yeri.<\/b> Foto\u011fraflar\u0131n <b>T\u00fcrkiye Cumhuriyeti s\u0131n\u0131rlar\u0131 i\u00e7inde<\/b> \u00e7ekilmi\u015f olmas\u0131 zorunludur.<\/p>\n<p><b>6.8. Daha \u00f6nce \u00f6d\u00fcl alm\u0131\u015f eserler.<\/b> Ulusal veya uluslararas\u0131 bir <b>foto\u011fraf yar\u0131\u015fmas\u0131nda<\/b> derece, mansiyon veya \u00f6zel \u00f6d\u00fcl alm\u0131\u015f foto\u011fraflar kat\u0131lamaz. Ayn\u0131 karenin deklan\u015f\u00f6r\/kadraj fark\u0131yla \u00e7ekilmi\u015f benzeri, bir b\u00f6l\u00fcm\u00fcn\u00fcn kesilmesiyle veya renk de\u011fi\u015fikli\u011fiyle \u00fcretilmi\u015f hali de bu kapsamdad\u0131r.<\/p>\n<p><b>6.9.<\/b> Foto\u011fraf\u0131n <b>bas\u0131nda yay\u0131mlanm\u0131\u015f olmas\u0131 kat\u0131l\u0131ma engel de\u011fildir.<\/b> Engel olan, bir yar\u0131\u015fmada \u00f6d\u00fcl alm\u0131\u015f olmas\u0131d\u0131r.<\/p>\n<p><b>6.10.<\/b> Kat\u0131l\u0131mc\u0131, sergileme hari\u00e7, <b>\u00f6d\u00fcl grubundan en fazla bir (1) \u00f6d\u00fcl<\/b> alma hakk\u0131na sahiptir.<\/p>\n<h3>7. KATEGOR\u0130LER<\/h3>\n<p><b>7.1. Destinasyon<\/b> \u2014 T\u00fcrkiye&#x27;nin turizm co\u011frafyas\u0131: k\u0131y\u0131lar, da\u011flar, g\u00f6ller, kentler, mimari doku, mevsimler.<\/p>\n<p><b>7.2. Misafirperverlik ve Turizmin \u0130nsan\u0131<\/b> \u2014 otel ve restoran \u00e7al\u0131\u015fanlar\u0131, rehberler, kaptanlar, zanaatkarlar, esnaf; hizmet an\u0131, kar\u015f\u0131la\u015fma, emek.<\/p>\n<p><b>7.3. K\u00fclt\u00fcr, Miras ve Gastronomi<\/b> \u2014 \u00f6ren yerleri ve m\u00fczeler, el sanatlar\u0131, festivaller, yerel mutfak ve \u00fcretim k\u00fclt\u00fcr\u00fc.<\/p>\n<p><b>7.4. S\u00fcrd\u00fcr\u00fclebilir Turizm ve Do\u011fa<\/b> \u2014 do\u011fa koruma, eko-turizm, k\u0131rsal ve yayla turizmi, biyolojik \u00e7e\u015fitlilik; turizmin do\u011fa \u00fczerindeki bask\u0131s\u0131n\u0131 belgeleyen ele\u015ftirel \u00e7al\u0131\u015fmalar dahil.<\/p>\n<p><b>7.5. Di\u011fer<\/b> \u2014 yukar\u0131daki tan\u0131mlara tam olarak girmeyen, ancak turizmi konu edinen kareler.<\/p>\n<p><b>7.6.<\/b> Renkli ve siyah-beyaz eserler kategori i\u00e7inde birlikte de\u011ferlendirilir.<\/p>\n<p><b>7.7. Kategori d\u00fczeltmesi.<\/b> Madde 4.5 bu dal i\u00e7in de ge\u00e7erlidir.<\/p>\n<p><b>7.8.<\/b> Her kategoride bir <b>Birincilik<\/b> verilir. Be\u015f kategorinin birincileri aras\u0131ndan Se\u00e7ici Kurul taraf\u0131ndan bir eser, dal\u0131n b\u00fcy\u00fck \u00f6d\u00fcl\u00fc olan <b>&quot;YILIN TUR\u0130ZM FOTO\u011eRAFI&quot;<\/b> se\u00e7ilir.<\/p>\n<h3>8. TEKN\u0130K \u015eARTLAR VE MANUEL DO\u011eRULAMA<\/h3>\n<table style=\"border-collapse:collapse;width:100%;margin:12px 0;font-size:14px;\">\n<tbody>\n<tr>\n<td style=\"border:1px solid #cfcfcf;padding:6px 9px;vertical-align:top;\"><b>\u00d6zellik<\/b><\/td>\n<td style=\"border:1px solid #cfcfcf;padding:6px 9px;vertical-align:top;\"><b>Ko\u015ful<\/b><\/td>\n<\/tr>\n<tr>\n<td style=\"border:1px solid #cfcfcf;padding:6px 9px;vertical-align:top;\">Dosya format\u0131<\/td>\n<td style=\"border:1px solid #cfcfcf;padding:6px 9px;vertical-align:top;\">JPG \/ JPEG<\/td>\n<\/tr>\n<tr>\n<td style=\"border:1px solid #cfcfcf;padding:6px 9px;vertical-align:top;\">Dosya boyutu<\/td>\n<td style=\"border:1px solid #cfcfcf;padding:6px 9px;vertical-align:top;\">En az <b>1 MB<\/b>, en \u00e7ok <b>8 MB<\/b><\/td>\n<\/tr>\n<tr>\n<td style=\"border:1px solid #cfcfcf;padding:6px 9px;vertical-align:top;\">\u00c7\u00f6z\u00fcn\u00fcrl\u00fck<\/td>\n<td style=\"border:1px solid #cfcfcf;padding:6px 9px;vertical-align:top;\">72 \u2013 350 DPI<\/td>\n<\/tr>\n<tr>\n<td style=\"border:1px solid #cfcfcf;padding:6px 9px;vertical-align:top;\">Uzun kenar<\/td>\n<td style=\"border:1px solid #cfcfcf;padding:6px 9px;vertical-align:top;\">En az <b>2400 piksel<\/b><\/td>\n<\/tr>\n<tr>\n<td style=\"border:1px solid #cfcfcf;padding:6px 9px;vertical-align:top;\">Renk profili<\/td>\n<td style=\"border:1px solid #cfcfcf;padding:6px 9px;vertical-align:top;\">sRGB<\/td>\n<\/tr>\n<tr>\n<td style=\"border:1px solid #cfcfcf;padding:6px 9px;vertical-align:top;\">Kenar \/ paspartu<\/td>\n<td style=\"border:1px solid #cfcfcf;padding:6px 9px;vertical-align:top;\">Yok<\/td>\n<\/tr>\n<tr>\n<td style=\"border:1px solid #cfcfcf;padding:6px 9px;vertical-align:top;\">\u00dczerinde isim, imza, logo, filigran, tarih<\/td>\n<td style=\"border:1px solid #cfcfcf;padding:6px 9px;vertical-align:top;\">Yok<\/td>\n<\/tr>\n<tr>\n<td style=\"border:1px solid #cfcfcf;padding:6px 9px;vertical-align:top;\"><b>EXIF verisi<\/b><\/td>\n<td style=\"border:1px solid #cfcfcf;padding:6px 9px;vertical-align:top;\"><b>Bozulmam\u0131\u015f olmal\u0131<\/b><\/td>\n<\/tr>\n<\/tbody>\n<\/table>\n<p><b>8.1. Manuel kontrol.<\/b> Program Sekretaryas\u0131, j\u00fcriye sunumdan \u00f6nce her dosyan\u0131n format, boyut, \u00e7\u00f6z\u00fcn\u00fcrl\u00fck ve <b>EXIF b\u00fct\u00fcnl\u00fc\u011f\u00fcn\u00fc elle kontrol eder.<\/b> EXIF verisi silinmi\u015f veya tutars\u0131z dosyalar de\u011ferlendirme d\u0131\u015f\u0131 b\u0131rak\u0131l\u0131r; kat\u0131l\u0131mc\u0131ya bildirilir ve s\u00fcre i\u00e7indeyse yeniden y\u00fckleme hakk\u0131 tan\u0131n\u0131r.<\/p>\n<p><b>8.2.<\/b> \u00d6d\u00fcl ve sergileme alan eserlerin bask\u0131 i\u00e7in y\u00fcksek \u00e7\u00f6z\u00fcn\u00fcrl\u00fckl\u00fc dosyalar\u0131 (en az 300 DPI, uzun kenar en az 4000 piksel) ayr\u0131ca talep edilir. Talebi s\u00fcresinde kar\u015f\u0131lamayan kat\u0131l\u0131mc\u0131n\u0131n eseri sergilenmez.<\/p>\n<h3>9. FOTO\u011eRAF \u0130\u015eLEME VE YAPAY ZEKA POL\u0130T\u0130KASI<\/h3>\n<p>Programda <b>belgesel b\u00fct\u00fcnl\u00fck<\/b> temel \u00f6l\u00e7\u00fctt\u00fcr.<\/p>\n<h4>9.1. Serbest olan m\u00fcdahaleler<\/h4>\n<p>Belgesel i\u00e7eri\u011fi de\u011fi\u015ftirmedi\u011fi s\u00fcrece: pozlama, kontrast, ton ve renk dengesi; keskinlik ve g\u00fcr\u00fclt\u00fc giderme; toz ve sens\u00f6r lekesi temizli\u011fi; kadraj ve d\u00fczle\u015ftirme; yerel ton\/renk d\u00fczeltmeleri; siyah-beyaza \u00e7evirme.<\/p>\n<h4>9.2. Yasak olan m\u00fcdahaleler<\/h4>\n<p><b>Yapay zeka ile \u00fcretilmi\u015f g\u00f6rseller<\/b> ve g\u00f6rselin herhangi bir b\u00f6l\u00fcm\u00fcn\u00fcn yapay zeka ile \u00fcretilmesi<\/p>\n<p><b>Generative fill \/ generative expand<\/b> t\u00fcr\u00fc \u00fcretken doldurma ve geni\u015fletme<\/p>\n<p>Yapay zeka tabanl\u0131 <b>\u00e7\u00f6z\u00fcn\u00fcrl\u00fck b\u00fcy\u00fctme<\/b><\/p>\n<p><b>Kolaj ve kompozit<\/b>; birden fazla karenin \u00fcst \u00fcste bindirilmesi<\/p>\n<p>G\u00f6r\u00fcnt\u00fcye <b>nesne ekleme veya g\u00f6r\u00fcnt\u00fcden nesne \u00e7\u0131karma<\/b><\/p>\n<p><b>G\u00f6ky\u00fcz\u00fc veya arka plan de\u011fi\u015ftirme<\/b><\/p>\n<p><b>HDR<\/b> birle\u015ftirme; ak\u0131ll\u0131 telefonlar\u0131n otomatik HDR \/ portre \/ gece \/ panorama modlar\u0131yla \u00fcretilmi\u015f, birden \u00e7ok kareyi birle\u015ftiren dosyalar<\/p>\n<p>Sahneyi kurgulay\u0131p ger\u00e7ekmi\u015f gibi sunmak<\/p>\n<h4>9.3. Kabul edilen \u00f6zel durumlar<\/h4>\n<p>Ayn\u0131 zaman diliminde \u00e7ekilmi\u015f ger\u00e7ek karelerden olu\u015fturulmu\u015f <b>panoramalar<\/b>; <b>drone (\u0130HA)<\/b> foto\u011fraflar\u0131; <b>su alt\u0131<\/b> foto\u011fraflar\u0131; tek kare olarak kaydedilmi\u015f <b>ak\u0131ll\u0131 telefon<\/b> \u00e7ekimleri.<\/p>\n<h4>9.4. Orijinal dosya do\u011frulamas\u0131<\/h4>\n<p>\u00d6d\u00fcl ve sergileme aday\u0131 olan <b>her eser i\u00e7in<\/b> Program Sekretaryas\u0131, kat\u0131l\u0131mc\u0131dan <b>orijinal kamera dosyas\u0131n\u0131<\/b> (RAW veya makineden \u00e7\u0131kan i\u015flenmemi\u015f JPEG) ve bozulmam\u0131\u015f EXIF verisini talep eder. Talebe <b>5 (be\u015f) i\u015f g\u00fcn\u00fc<\/b> i\u00e7inde yan\u0131t vermeyen ya da dosyay\u0131 sunamayan kat\u0131l\u0131mc\u0131n\u0131n eseri de\u011ferlendirme d\u0131\u015f\u0131 b\u0131rak\u0131l\u0131r.<\/p>\n<h2>ORTAK H\u00dcK\u00dcMLER<\/h2>\n<h3>10. BA\u015eVURU USUL\u00dc VE K\u0130ML\u0130K G\u0130ZL\u0130L\u0130\u011e\u0130<\/h3>\n<p><b>10.1.<\/b> Ba\u015fvurular <b>https:\/\/antalyaturizmfuari.com\/turizm-medya-odulleri-2026 <\/b>adresindeki ba\u015fvuru formu \u00fczerinden yap\u0131l\u0131r. <b>\u00dcyelik gerekmez<\/b>; kat\u0131l\u0131mc\u0131 formu doldurup eserini g\u00f6nderir. Yar\u0131m kalan ba\u015fvuruya, kat\u0131l\u0131mc\u0131n\u0131n e-postas\u0131na g\u00f6nderilen ba\u011flant\u0131yla d\u00f6n\u00fcl\u00fcr.<\/p>\n<p><b>10.2.<\/b> E-posta, kargo, posta, elden teslim gibi <b>alternatif g\u00f6nderim y\u00f6ntemleri kabul edilmez.<\/b> Sistem, ilan edilen tarih ve saatte kapan\u0131r.<\/p>\n<p><b>10.3. Foto\u011fraf dal\u0131nda k\u00f6r de\u011ferlendirme.<\/b> Program Sekretaryas\u0131, eserleri Se\u00e7ici Kurul&#x27;a sunmadan \u00f6nce t\u00fcm dosyalar\u0131 s\u0131ral\u0131 kodlarla yeniden adland\u0131r\u0131r; kod\u2013kimlik e\u015fle\u015ftirmesi kapal\u0131 bir kay\u0131tta tutulur. <b>Se\u00e7ici Kurul \u00fcyeleri hi\u00e7bir a\u015famada kat\u0131l\u0131mc\u0131 kimli\u011fine eri\u015femez.<\/b> Kay\u0131t, j\u00fcri karar\u0131 tutana\u011fa ba\u011flanana kadar a\u00e7\u0131lmaz. Kayd\u0131 yaln\u0131zca Program Sekretaryas\u0131&#x27;n\u0131n bu i\u015f i\u00e7in g\u00f6revlendirdi\u011fi ki\u015fi a\u00e7abilir; a\u00e7\u0131l\u0131\u015f tarih ve saatiyle birlikte tutana\u011fa ge\u00e7irilir.<\/p>\n<p><b>10.4. Haber dal\u0131nda k\u00fcnyeli de\u011ferlendirme.<\/b> Gazetecilik eserlerinde yay\u0131n kurulu\u015fu ve yay\u0131n tarihinin do\u011frulanmas\u0131 zorunlu oldu\u011fundan, bu dalda eserler k\u00fcnyeli olarak de\u011ferlendirilir. Tarafs\u0131zl\u0131k, Madde 12.4&#x27;teki \u00e7\u0131kar \u00e7at\u0131\u015fmas\u0131 kural\u0131yla korunur.<\/p>\n<p><b>10.5.<\/b> Formda istenen k\u00fcnye bilgileri eksiksiz girilir; <b>yanl\u0131\u015f beyan kural ihlalidir.<\/b><\/p>\n<p><b>10.6.<\/b> Y\u00fckleme s\u0131ras\u0131nda ya\u015fanabilecek teknik sorunlardan D\u00fczenleyici sorumlu tutulamaz.<\/p>\n<h3>11. \u00d6D\u00dcLLER<\/h3>\n<p>\u00d6d\u00fcl; mesle\u011fi simgeleyen bir <b>plaket<\/b> ve <b>onur belgesi<\/b> ile eserin uluslararas\u0131 bir vitrinde sergilenmesi ve e-katalogda yay\u0131mlanmas\u0131ndan olu\u015fur.<\/p>\n<table style=\"border-collapse:collapse;width:100%;margin:12px 0;font-size:14px;\">\n<tbody>\n<tr>\n<td style=\"border:1px solid #cfcfcf;padding:6px 9px;vertical-align:top;\"><b>\u00d6d\u00fcl<\/b><\/td>\n<td style=\"border:1px solid #cfcfcf;padding:6px 9px;vertical-align:top;\"><b>Adet<\/b><\/td>\n<td style=\"border:1px solid #cfcfcf;padding:6px 9px;vertical-align:top;\"><b>Kar\u015f\u0131l\u0131\u011f\u0131<\/b><\/td>\n<\/tr>\n<tr>\n<td style=\"border:1px solid #cfcfcf;padding:6px 9px;vertical-align:top;\"><b>YILIN TUR\u0130ZM HABER\u0130<\/b> \u2014 Dal 1 B\u00fcy\u00fck \u00d6d\u00fcl\u00fc<\/td>\n<td style=\"border:1px solid #cfcfcf;padding:6px 9px;vertical-align:top;\">1<\/td>\n<td style=\"border:1px solid #cfcfcf;padding:6px 9px;vertical-align:top;\">Onur Plaketi + Onur Belgesi<\/td>\n<\/tr>\n<tr>\n<td style=\"border:1px solid #cfcfcf;padding:6px 9px;vertical-align:top;\"><b>YILIN TUR\u0130ZM FOTO\u011eRAFI<\/b> \u2014 Dal 2 B\u00fcy\u00fck \u00d6d\u00fcl\u00fc<\/td>\n<td style=\"border:1px solid #cfcfcf;padding:6px 9px;vertical-align:top;\">1<\/td>\n<td style=\"border:1px solid #cfcfcf;padding:6px 9px;vertical-align:top;\">Onur Plaketi + Onur Belgesi<\/td>\n<\/tr>\n<tr>\n<td style=\"border:1px solid #cfcfcf;padding:6px 9px;vertical-align:top;\"><b>J\u00dcR\u0130 \u00d6ZEL \u00d6D\u00dcL\u00dc<\/b><\/td>\n<td style=\"border:1px solid #cfcfcf;padding:6px 9px;vertical-align:top;\">2<\/td>\n<td style=\"border:1px solid #cfcfcf;padding:6px 9px;vertical-align:top;\">Onur Plaketi + Onur Belgesi<\/td>\n<\/tr>\n<\/tbody>\n<\/table>\n<p><b>11.1. \u00d6d\u00fcl sahiplerine sa\u011flananlar.<\/b> \u00d6d\u00fcl alan her kat\u0131l\u0131mc\u0131ya ayr\u0131ca:<\/p>\n<p><b>a)<\/b>  Eserinin GM Turizm ve Y\u00f6netim Dergisi\u2019nde yay\u0131mlanmas\u0131;<\/p>\n<p><b>b)<\/b>  \u00d6d\u00fcl t\u00f6renine davet edilir. D\u00fczenleyici, imkanlar\u0131 \u00f6l\u00e7\u00fcs\u00fcnde ve program\u0131n duyurusunda ilan edilecek kapsam ve say\u0131yla s\u0131n\u0131rl\u0131 olmak \u00fczere, Antalya d\u0131\u015f\u0131ndan gelen \u00f6d\u00fcl sahiplerine ula\u015f\u0131m ve konaklama deste\u011fi sa\u011flayabilir. Bu destek taahh\u00fct niteli\u011finde olmay\u0131p kapsam\u0131 ve ko\u015fullar\u0131 D\u00fczenleyici taraf\u0131ndan \u00f6nceden ilan edilir.<\/p>\n<p><b>11.2. Teslim.<\/b> Plaket ve onur belgeleri \u00f6d\u00fcl t\u00f6reninde elden teslim edilir. T\u00f6rene kat\u0131lamayan hak sahiplerine, sonu\u00e7 duyurusundan itibaren <b>30 (otuz) g\u00fcn<\/b> i\u00e7inde kargoyla g\u00f6nderilir.<\/p>\n<p><b>11.3. J\u00fcri \u00d6zel \u00d6d\u00fcl\u00fc.<\/b> Derece \u00f6d\u00fcllerinden ba\u011f\u0131ms\u0131zd\u0131r ve <b>her iki daldan da<\/b> verilebilir. Kategori s\u0131ralamas\u0131na girmemi\u015f, ancak konusu, cesareti, \u00f6zg\u00fcnl\u00fc\u011f\u00fc veya toplumsal etkisi bak\u0131m\u0131ndan ayr\u0131ca an\u0131lmay\u0131 hak eden bir esere verilir. Bir derece \u00f6d\u00fcl\u00fc alan eser bu \u00f6d\u00fcle aday olamaz.<\/p>\n<p><b>11.4.<\/b> \u015eartnamede belirtilmeyen \u00f6d\u00fcl sonradan ihdas edilmez.<\/p>\n<p><b>11.5.<\/b> Se\u00e7ici Kurul, gerekli nitelikte eser bulunmad\u0131\u011f\u0131 kanaatine var\u0131rsa <b>J\u00fcri \u00d6zel \u00d6d\u00fcl\u00fc dahil<\/b> herhangi bir \u00f6d\u00fcl\u00fc vermeme hakk\u0131na sahiptir.<\/p>\n<p><b>11.6.<\/b> \u00d6d\u00fcl alan ve sergilenen t\u00fcm kat\u0131l\u0131mc\u0131lara kat\u0131l\u0131m\/onur belgesi verilir.<\/p>\n<h3>12. SE\u00c7\u0130C\u0130 KURUL<\/h3>\n<p><b>12.1. Olu\u015fumu.<\/b> Se\u00e7ici Kurul, a\u015fa\u011f\u0131daki kurumlar\u0131n temsilcilerinden olu\u015fan <b>be\u015f (5) \u00fcyeden<\/b> meydana gelir ve <b>her iki dal\u0131 da<\/b> de\u011ferlendirir:<\/p>\n<table style=\"border-collapse:collapse;width:100%;margin:12px 0;font-size:14px;\">\n<tbody>\n<tr>\n<td style=\"border:1px solid #cfcfcf;padding:6px 9px;vertical-align:top;\"><b>#<\/b><\/td>\n<td style=\"border:1px solid #cfcfcf;padding:6px 9px;vertical-align:top;\"><b>\u00dcye<\/b><\/td>\n<\/tr>\n<tr>\n<td style=\"border:1px solid #cfcfcf;padding:6px 9px;vertical-align:top;\">1<\/td>\n<td style=\"border:1px solid #cfcfcf;padding:6px 9px;vertical-align:top;\"><b>Antalya Gazeteciler Cemiyeti (AGC)<\/b> Temsilcisi<\/td>\n<\/tr>\n<tr>\n<td style=\"border:1px solid #cfcfcf;padding:6px 9px;vertical-align:top;\">2<\/td>\n<td style=\"border:1px solid #cfcfcf;padding:6px 9px;vertical-align:top;\"><b>Akdeniz \u00dcniversitesi \u0130leti\u015fim Fak\u00fcltesi<\/b> Temsilcisi<\/td>\n<\/tr>\n<tr>\n<td style=\"border:1px solid #cfcfcf;padding:6px 9px;vertical-align:top;\">3<\/td>\n<td style=\"border:1px solid #cfcfcf;padding:6px 9px;vertical-align:top;\"><b>Turizm Yazarlar\u0131 ve Gazetecileri Derne\u011fi (TUYED)<\/b> Temsilcisi<\/td>\n<\/tr>\n<tr>\n<td style=\"border:1px solid #cfcfcf;padding:6px 9px;vertical-align:top;\">4<\/td>\n<td style=\"border:1px solid #cfcfcf;padding:6px 9px;vertical-align:top;\"><b>Ekonomi Muhabirleri Derne\u011fi (EMD)<\/b> Temsilcisi<\/td>\n<\/tr>\n<tr>\n<td style=\"border:1px solid #cfcfcf;padding:6px 9px;vertical-align:top;\">5<\/td>\n<td style=\"border:1px solid #cfcfcf;padding:6px 9px;vertical-align:top;\"><b>T\u00fcrkiye Foto Muhabirleri Derne\u011fi (TFMD)<\/b> Temsilcisi<\/td>\n<\/tr>\n<\/tbody>\n<\/table>\n<p><i>Kurul Ba\u015fkan\u0131:<\/i> [&#8230;&#8230;&#8230;&#8230;&#8230;&#8230;&#8230;] <i>Yedek \u00fcyeler:<\/i> [&#8230;&#8230;&#8230;&#8230;&#8230;&#8230;&#8230;] , [&#8230;&#8230;&#8230;&#8230;&#8230;&#8230;&#8230;]<\/p>\n<p><b>12.2. Toplanma ve karar.<\/b> Kurul, en az <b>[3] (\u00fc\u00e7)<\/b> \u00fcyenin kat\u0131l\u0131m\u0131yla toplan\u0131r. Foto\u011fraf dal\u0131 iki turlu de\u011ferlendirilir: 1. tur \u00e7evrimi\u00e7i puanlama, final turu Antalya&#x27;da y\u00fcz y\u00fcze. Haber dal\u0131 tek turlu ve y\u00fcz y\u00fcze de\u011ferlendirilir. M\u00fccbir sebep halinde toplant\u0131lar video konferansla yap\u0131l\u0131r. Oylamada e\u015fitlik halinde <b>Kurul Ba\u015fkan\u0131&#x27;n\u0131n oyu<\/b> belirleyicidir.<\/p>\n<p><b>12.3. Kararlar\u0131n kesinli\u011fi.<\/b> Se\u00e7ici Kurul&#x27;un <b>eserlerin de\u011ferlendirilmesine ve derecelendirilmesine ili\u015fkin kararlar\u0131 nihaidir<\/b>; bu kararlar\u0131n yerindeli\u011fi tart\u0131\u015fma konusu yap\u0131lamaz. Ba\u015fvuru s\u00fcrecine ve \u015eartname&#x27;nin uygulanmas\u0131na ili\u015fkin usule dair itirazlar, sonu\u00e7 duyurusundan itibaren 7 (yedi) g\u00fcn i\u00e7inde Program Y\u00fcr\u00fctmesi&#x27;ne yaz\u0131l\u0131 olarak iletilir ve 15 (on be\u015f) g\u00fcn i\u00e7inde gerek\u00e7eli olarak sonu\u00e7land\u0131r\u0131l\u0131r. D\u00fczenleyici, sponsorlar ve destekleyen kurumlar de\u011ferlendirmeye m\u00fcdahale edemez.<\/p>\n<p><b>12.4. \u00c7\u0131kar \u00e7at\u0131\u015fmas\u0131.<\/b> Se\u00e7ici Kurul \u00fcyeleri; kendilerinin, Madde 3.5&#x27;te say\u0131lan yak\u0131nlar\u0131n\u0131n veya \u00e7al\u0131\u015ft\u0131klar\u0131 \/ temsil ettikleri kurumun eserlerinin de\u011ferlendirilmesinde oy kullanamaz ve g\u00f6r\u00fc\u015fme s\u0131ras\u0131nda salonda bulunmaz. \u00dcyeler g\u00f6reve ba\u015flarken yaz\u0131l\u0131 \u00e7\u0131kar \u00e7at\u0131\u015fmas\u0131 beyan\u0131 imzalar; beyanlar program ar\u015fivinde saklan\u0131r.<\/p>\n<p><b>12.5. Tutanak.<\/b> Kurul, \u00e7al\u0131\u015fmas\u0131 sonunda <b>de\u011ferlendirme tutana\u011f\u0131<\/b> d\u00fczenler ve kat\u0131lan \u00fcyelerce imzalan\u0131r. J\u00fcri \u00d6zel \u00d6d\u00fcl\u00fc ve varsa kategori d\u00fczeltmeleri tutana\u011fa yaz\u0131l\u0131r. <b>Tutanak, sonu\u00e7 duyurusuyla birlikte D\u00fczenleyici&#x27;nin web sitesinde yay\u0131mlan\u0131r.<\/b><\/p>\n<p><b>12.6.<\/b> Se\u00e7ici Kurul \u00fcyelerinin adlar\u0131, program\u0131n duyurulmas\u0131yla birlikte kamuoyuna a\u00e7\u0131klan\u0131r.<\/p>\n<p><b>12.7. Kurumlar\u0131n onay\u0131.<\/b> Madde 12.1&#x27;deki kurumlar\u0131n Se\u00e7ici Kurul&#x27;da temsil edilmesi, her kurumdan al\u0131nacak <b>yaz\u0131l\u0131 onay<\/b> ile kesinle\u015fir. Onay al\u0131namayan kurumun yerine D\u00fczenleyici ba\u015fka bir meslek kurulu\u015fu belirleyebilir; de\u011fi\u015fiklik program\u0131n duyurusundan \u00f6nce ilan edilir.<\/p>\n<h3>13. \u0130Z\u0130NLER VE HUKUK\u0130 SORUMLULUK<\/h3>\n<p><b>13.1. Genel ilke.<\/b> Kat\u0131l\u0131mc\u0131; eserin \u00fcretilmesi, programa g\u00f6nderilmesi ve bu \u015eartname kapsam\u0131nda yay\u0131mlanmas\u0131 i\u00e7in gerekli t\u00fcm izinleri ald\u0131\u011f\u0131n\u0131 <b>beyan ve taahh\u00fct eder<\/b>. \u0130zinlerin al\u0131nmamas\u0131ndan do\u011facak her t\u00fcrl\u00fc hukuki ve mali sorumluluk kat\u0131l\u0131mc\u0131ya aittir. Bu sebeple D\u00fczenleyici&#x27;ye \u00fc\u00e7\u00fcnc\u00fc ki\u015filerce bir talep y\u00f6neltilmesi halinde D\u00fczenleyici durumu kat\u0131l\u0131mc\u0131ya yaz\u0131l\u0131 olarak ihbar eder; kat\u0131l\u0131mc\u0131, \u00f6denmek zorunda kal\u0131nan tazminat ile yarg\u0131lama giderleri ve vekalet \u00fccreti dahil D\u00fczenleyici&#x27;nin u\u011frad\u0131\u011f\u0131 t\u00fcm zarar\u0131 ilk yaz\u0131l\u0131 talepte tazmin eder.<\/p>\n<p><b>13.2. Drone.<\/b> U\u00e7u\u015f izni, u\u00e7u\u015fa yasak\/k\u0131s\u0131tl\u0131 b\u00f6lge kurallar\u0131 ve Sivil Havac\u0131l\u0131k Genel M\u00fcd\u00fcrl\u00fc\u011f\u00fc mevzuat\u0131na uyum tamamen kat\u0131l\u0131mc\u0131n\u0131n sorumlulu\u011fundad\u0131r.<\/p>\n<p><b>13.3. \u00d6ren yeri, m\u00fcze ve k\u00fclt\u00fcr varl\u0131klar\u0131.<\/b> 2863 say\u0131l\u0131 Kanun uyar\u0131nca \u00f6ren yerleri ve m\u00fczelerde ticari ama\u00e7l\u0131 \u00e7ekim ve yay\u0131n K\u00fclt\u00fcr ve Turizm Bakanl\u0131\u011f\u0131 iznine tabidir. <b>Bu iznin al\u0131nmas\u0131 kat\u0131l\u0131mc\u0131n\u0131n sorumlulu\u011fundad\u0131r.<\/b> D\u00fczenleyici, \u00f6d\u00fcl alan ve sergilenen eserler bak\u0131m\u0131ndan kat\u0131l\u0131mc\u0131dan iznin bir \u00f6rne\u011fini veya \u00e7ekim bilgilerini talep edebilir; talep kar\u015f\u0131lanmazsa eser sergilenmez ve e-katalogda yay\u0131mlanmaz.<\/p>\n<p><b>13.4. Ki\u015filik haklar\u0131.<\/b> Eserde tan\u0131nabilir ki\u015filer varsa, kat\u0131l\u0131mc\u0131 bu ki\u015filerin gerekli r\u0131zas\u0131n\u0131 ald\u0131\u011f\u0131n\u0131 beyan etmi\u015f say\u0131l\u0131r. \u00d6d\u00fcl alan ve sergilenen eserlerde <b>imzal\u0131 muvafakatname (Ek-3)<\/b> talep edilebilir. \u00c7ocuklar\u0131n yer ald\u0131\u011f\u0131 i\u00e7eriklerde veli\/vasi muvafakati zorunludur.<\/p>\n<p><b>13.5. Yay\u0131n kurulu\u015fu haklar\u0131.<\/b> Haber dal\u0131na kat\u0131lan eserlerde, eserin yay\u0131n kurulu\u015fuyla aras\u0131ndaki s\u00f6zle\u015fmeden do\u011fan haklar\u0131 ihlal etmedi\u011fini beyan etme y\u00fck\u00fcml\u00fcl\u00fc\u011f\u00fc kat\u0131l\u0131mc\u0131ya aittir.<\/p>\n<p><b>13.6. \u00d6zel m\u00fclk, marka ve mimari eser.<\/b> \u0130lgili izinlerin al\u0131nd\u0131\u011f\u0131 kabul edilir; do\u011facak uyu\u015fmazl\u0131klar\u0131n sorumlulu\u011fu kat\u0131l\u0131mc\u0131ya aittir.<\/p>\n<p><b>13.7.<\/b> Askeri yasak b\u00f6lgeler ve giri\u015fi yasak alanlardaki \u00e7ekimlerden do\u011facak sorumluluk kat\u0131l\u0131mc\u0131ya aittir.<\/p>\n<p><b>13.8. Etik ilke.<\/b> \u0130nsan onurunu zedeleyen, hayvan refah\u0131na zarar veren, do\u011fal ve k\u00fclt\u00fcrel varl\u0131klara zarar vererek elde edilmi\u015f ya da yasa d\u0131\u015f\u0131 yollarla eri\u015filmi\u015f i\u00e7eriklerle kat\u0131l\u0131namaz. Nefret s\u00f6ylemi i\u00e7eren, ayr\u0131mc\u0131l\u0131\u011f\u0131 me\u015frula\u015ft\u0131ran veya do\u011frulu\u011fu teyit edilmemi\u015f iddialara dayanan eserler, \u00f6d\u00fcl alm\u0131\u015f olsalar dahi de\u011ferlendirme d\u0131\u015f\u0131 b\u0131rak\u0131l\u0131r.<\/p>\n<h3>14. KURAL \u0130HLALLER\u0130 VE YAPTIRIMLAR<\/h3>\n<p><b>14.1.<\/b> Kural ihlali say\u0131lan haller:<\/p>\n<p><b>a)<\/b>  Eserin kat\u0131l\u0131mc\u0131ya ait olmamas\u0131; ba\u015fkas\u0131na ait metin, g\u00f6r\u00fcnt\u00fc veya ses kayd\u0131n\u0131n kullan\u0131lmas\u0131 (intihal);<\/p>\n<p><b>b)<\/b>  Madde 9.2&#x27;deki yasak g\u00f6rsel m\u00fcdahalelerin uygulanm\u0131\u015f olmas\u0131;<\/p>\n<p><b>c)<\/b>  Madde 5.4&#x27;e ayk\u0131r\u0131 bi\u00e7imde yapay zeka ile \u00fcretilmi\u015f metin sunulmas\u0131;<\/p>\n<p><b>d)<\/b>  Bir foto\u011fraf yar\u0131\u015fmas\u0131nda \u00f6d\u00fcl alm\u0131\u015f eserle kat\u0131l\u0131m (Md. 6.8);<\/p>\n<p><b>e)<\/b>  K\u00fcnye, yay\u0131n tarihi, \u00e7ekim yeri veya bas\u0131n belgesine ili\u015fkin yanl\u0131\u015f beyan;<\/p>\n<p><b>f)<\/b>  Madde 9.4 kapsam\u0131nda istenen orijinal dosyan\u0131n sunulmamas\u0131;<\/p>\n<p><b>g)<\/b>  Se\u00e7ici Kurul&#x27;u yan\u0131ltmaya y\u00f6nelik her t\u00fcrl\u00fc m\u00fcdahale;<\/p>\n<p><b>h)<\/b>  Madde 13.8&#x27;deki etik ilkelerin ihlali;<\/p>\n<p><b>i)<\/b>  Birden fazla kimlikle, ba\u015fkas\u0131n\u0131n kimlik veya k\u00fcnye bilgileriyle ya da ger\u00e7e\u011fe ayk\u0131r\u0131 beyanla kat\u0131l\u0131m.<\/p>\n<p><b>14.2. Tespit usul\u00fc ve savunma hakk\u0131.<\/b> Kural ihlali iddias\u0131; Madde 9.4 kapsam\u0131nda istenen orijinal dosya, yay\u0131n kurulu\u015fu teyidi ve gerekti\u011finde ba\u011f\u0131ms\u0131z uzman g\u00f6r\u00fc\u015f\u00fc esas al\u0131narak incelenir. Program Y\u00fcr\u00fctmesi, <b>herhangi bir yapt\u0131r\u0131m uygulamadan \u00f6nce<\/b> iddiay\u0131 ve dayanaklar\u0131n\u0131 kat\u0131l\u0131mc\u0131ya yaz\u0131l\u0131 olarak bildirir ve en az 7 (yedi) g\u00fcn s\u00fcre vererek yaz\u0131l\u0131 savunmas\u0131n\u0131 ister. Savunma al\u0131nmadan veya savunma s\u00fcresi dolmadan yapt\u0131r\u0131m uygulanmaz. Karar gerek\u00e7eli olarak yaz\u0131l\u0131r ve kat\u0131l\u0131mc\u0131ya tebli\u011f edilir.<\/p>\n<p><b>14.3.<\/b> Kural ihlalinde al\u0131nan \u00f6d\u00fcl ve her t\u00fcrl\u00fc kazan\u0131m geri al\u0131n\u0131r, \u00f6d\u00fcl iptal edilir ve yeri bo\u015f b\u0131rak\u0131l\u0131r. S\u0131ralama kaymaz; di\u011fer kat\u0131l\u0131mc\u0131lara talep hakk\u0131 do\u011furmaz.<\/p>\n<p><b>14.4.<\/b> Plaket ve onur belgesi teslim edilmi\u015fse kat\u0131l\u0131mc\u0131, karar\u0131n kendisine tebli\u011finden itibaren 7 (yedi) i\u015f g\u00fcn\u00fc i\u00e7inde iade eder. Eser sergiden ve e-katalogdan kald\u0131r\u0131l\u0131r.<\/p>\n<p><b>14.5.<\/b> Kural ihlali yapan kat\u0131l\u0131mc\u0131, D\u00fczenleyici&#x27;nin d\u00fczenledi\u011fi yar\u0131\u015fmalara [3] (\u00fc\u00e7) y\u0131l s\u00fcreyle kat\u0131lamaz. \u0130ntihal yapt\u0131\u011f\u0131 veya yapay zeka ile \u00fcretilmi\u015f i\u00e7erik sundu\u011fu tespit edilen kat\u0131l\u0131mc\u0131 bak\u0131m\u0131ndan bu s\u00fcre <b>5 (be\u015f) y\u0131ld\u0131r.<\/b><\/p>\n<p><b>14.6.<\/b> \u0130hlal durumu ve al\u0131nan karar; savunma s\u00fcreci tamamlan\u0131p karar kesinle\u015ftikten sonra, yaln\u0131zca ihlalin niteli\u011fiyle s\u0131n\u0131rl\u0131 olmak \u00fczere ilgili meslek kurulu\u015flar\u0131na bildirilebilir. Karara kar\u015f\u0131 Madde 12.3&#x27;teki usulle itiraz edilmi\u015fse itiraz sonu\u00e7lanmadan bildirim yap\u0131lmaz.<\/p>\n<h3>15. TEL\u0130F VE KULLANIM HAKLARI<\/h3>\n<p><b>15.1. Eser sahipli\u011fi.<\/b> Eserlerin <b>eser sahipli\u011fi ve telif hakk\u0131 \u00fcreticisine aittir.<\/b> Programa kat\u0131l\u0131m, telif hakk\u0131n\u0131n devri anlam\u0131na gelmez.<\/p>\n<p><b>15.2. Verilen kullan\u0131m hakk\u0131.<\/b> Kat\u0131l\u0131mc\u0131; <b>\u00f6d\u00fcl alan, sergilenen ve \u00c7a\u011fr\u0131l\u0131 Se\u00e7ki kapsam\u0131nda se\u00e7ilen<\/b> eserleri bak\u0131m\u0131ndan D\u00fczenleyici&#x27;ye, sonu\u00e7 duyuru tarihinden itibaren <b>[2] (iki) y\u0131l<\/b> s\u00fcreyle, <b>m\u00fcnhas\u0131r olmayan<\/b> ve <b>bedelsiz<\/b> olarak yaln\u0131zca \u015fu kullan\u0131mlar i\u00e7in izin verir:<\/p>\n<p><b>a)<\/b>  Program\u0131n ve sonraki programlar\u0131n tan\u0131t\u0131m\u0131, sonu\u00e7 duyurusu ve ar\u015fivlenmesi;<\/p>\n<p><b>b)<\/b>  Program ve sonraki programlar\u0131n sergisi ve program\u0131n gezici sergileri;<\/p>\n<p><b>c)<\/b>  Program\u0131n ve sonraki programlar\u0131n e-katalo\u011fu;<\/p>\n<p><b>d)<\/b>  D\u00fczenleyici&#x27;nin web sitesi, sosyal medya hesaplar\u0131 ve b\u00fcltenlerinde <b>yaln\u0131zca bu ve sonraki programa ili\u015fkin haber ve duyurular kapsam\u0131nda<\/b> kullan\u0131m;<\/p>\n<p><b>e)<\/b>  Bas\u0131na, program\u0131n haberi kapsam\u0131nda yap\u0131lan g\u00f6rsel ve metin servisleri.<\/p>\n<p>Bu kullan\u0131m, 5846 say\u0131l\u0131 Fikir ve Sanat Eserleri Kanunu&#x27;nun 21., 22., 23., 24. ve 25. maddelerinde tan\u0131mlanan mali haklar\u0131n basit (m\u00fcnhas\u0131r olmayan) ruhsat yoluyla kullan\u0131m\u0131na ili\u015fkindir. Ayn\u0131 Kanun&#x27;un 52. maddesi gere\u011fince bu izin, <b>Madde 15.10&#x27;da d\u00fczenlenen yaz\u0131l\u0131 belgenin D\u00fczenleyici&#x27;ye ula\u015fmas\u0131yla ge\u00e7erlilik kazan\u0131r.<\/b><\/p>\n<p><b>\u0130zin kapsam\u0131 d\u0131\u015f\u0131nda kalanlar.<\/b> Yukar\u0131daki liste s\u0131n\u0131rl\u0131d\u0131r. \u00d6zellikle; Fuar&#x27;\u0131n veya turizmin genel tan\u0131t\u0131m\u0131na y\u00f6nelik afi\u015f, billboard, ilan, tan\u0131t\u0131m filmi, fuar stand\u0131 ve sunum materyalleri; D\u00fczenleyici&#x27;nin programla ilgisi bulunmayan kurumsal tan\u0131t\u0131m\u0131; her t\u00fcrl\u00fc ticari kullan\u0131m bu iznin <b>d\u0131\u015f\u0131ndad\u0131r<\/b> ve eser sahibinin ayr\u0131ca yaz\u0131l\u0131 izni ile mutab\u0131k kal\u0131nacak telif bedeli olmaks\u0131z\u0131n yap\u0131lamaz.<\/p>\n<p><b>15.3. Haber dal\u0131nda s\u0131n\u0131rl\u0131 kullan\u0131m.<\/b> Gazetecilik eserleri tam metin\/tam yap\u0131m olarak yeniden yay\u0131mlanmaz. D\u00fczenleyici; eserin <b>ad\u0131n\u0131, k\u00fcnyesini, en fazla 300 kelimelik bir al\u0131nt\u0131 veya \u00f6zetini, kapak g\u00f6rselini ve yay\u0131n ba\u011flant\u0131s\u0131n\u0131<\/b> kullanabilir.<\/p>\n<p><b>15.4. K\u00fcnye zorunlulu\u011fu.<\/b> Her kullan\u0131mda <b>eser sahibinin ad\u0131, eserin ad\u0131 ve yay\u0131n kurulu\u015fu zorunlu olarak belirtilir.<\/b> K\u00fcnyesiz kullan\u0131m yap\u0131lamaz.<\/p>\n<p><b>15.5. Devredilemezlik.<\/b> D\u00fczenleyici bu hakk\u0131 \u00fc\u00e7\u00fcnc\u00fc ki\u015filere devredemez, satamaz ve alt lisans veremez. Eserler, sponsorlar\u0131n veya \u00fc\u00e7\u00fcnc\u00fc ki\u015filerin \u00fcr\u00fcn\/hizmet reklamlar\u0131nda kullan\u0131lamaz. <b>Bu h\u00fck\u00fcm; serginin kurulmas\u0131, bask\u0131, tasar\u0131m, e-katalog ve kargo i\u015flerinin y\u00fcr\u00fct\u00fclmesi amac\u0131yla, yaln\u0131zca bu i\u015flerle s\u0131n\u0131rl\u0131 olmak, ayn\u0131 kullan\u0131m s\u0131n\u0131rlar\u0131na tabi olmak ve D\u00fczenleyici ile yaz\u0131l\u0131 gizlilik ve veri i\u015fleme taahh\u00fcd\u00fc imzalamak kayd\u0131yla tedarik\u00e7ilere i\u015f g\u00f6rd\u00fcr\u00fclmesine engel de\u011fildir.<\/b> Tedarik\u00e7ilerin bu kapsam d\u0131\u015f\u0131ndaki kullan\u0131mlar\u0131ndan D\u00fczenleyici sorumludur.<\/p>\n<p><b>15.6. Bedelsizlik ve geri alma hakk\u0131.<\/b> \u00d6d\u00fcl alan ve sergilenen eserler bak\u0131m\u0131ndan Madde 15.2&#x27;deki izin <b>bedelsiz<\/b> verilir. Kat\u0131l\u0131mc\u0131 bu izni, s\u00fcre i\u00e7inde <b>60 (altm\u0131\u015f) g\u00fcn<\/b> \u00f6nceden yaz\u0131l\u0131 bildirimde bulunarak geri alabilir; geri alma, o tarihe kadar yay\u0131mlanm\u0131\u015f e-katalog ve kurulmu\u015f sergi materyallerini etkilemez. \u00c7a\u011fr\u0131l\u0131 Se\u00e7ki eserlerinde geri alma hakk\u0131, \u00f6denen bedelin iadesi ko\u015fuluna ba\u011fl\u0131d\u0131r.<\/p>\n<p><b>15.7. S\u00fcrenin bitimi.<\/b> [2] y\u0131l\u0131n sonunda kullan\u0131m hakk\u0131 sona erer; program\u0131n tarihsel ar\u015fivinde ve daha \u00f6nce yay\u0131mlanm\u0131\u015f e-katalog ve sergi materyallerinde eserin yer almas\u0131 bundan etkilenmez.<\/p>\n<p><b>15.8. \u00d6d\u00fcl ve sergileme almayan eserler.<\/b> Bu eserler \u00fczerinde D\u00fczenleyici&#x27;nin hi\u00e7bir kullan\u0131m hakk\u0131 do\u011fmaz. Dosyalar, sonu\u00e7 duyurusundan itibaren <b>90 (doksan) g\u00fcn<\/b> i\u00e7inde <b>kal\u0131c\u0131 olarak silinir<\/b> ve silme i\u015flemi tutanakla kayda ge\u00e7irilir.<\/p>\n<p><b>15.9. Garanti.<\/b> Eser sahibi; eserin kendi \u00f6zg\u00fcn eseri oldu\u011funu, \u00fc\u00e7\u00fcnc\u00fc ki\u015filerin hak sahibi olmad\u0131\u011f\u0131n\u0131, haklar\u0131n\u0131 daha \u00f6nce devretmedi\u011fini ve bu \u015eartname kapsam\u0131ndaki izni vermeye yetkili oldu\u011funu beyan ve garanti eder. \u00dc\u00e7\u00fcnc\u00fc ki\u015filerin aksi y\u00f6ndeki taleplerinden yaln\u0131zca kat\u0131l\u0131mc\u0131 hukuken sorumludur; Madde 13.1&#x27;deki tazmin y\u00fck\u00fcml\u00fcl\u00fc\u011f\u00fc bu halde de uygulan\u0131r.<\/p>\n<p><b>15.10. Yaz\u0131l\u0131 kullan\u0131m izni.<\/b> Madde 15.2&#x27;deki izin, 5846 say\u0131l\u0131 Kanun&#x27;un 52. maddesindeki yaz\u0131l\u0131 \u015fekil \u015fart\u0131n\u0131 kar\u015f\u0131lamak \u00fczere a\u015fa\u011f\u0131daki usulle al\u0131n\u0131r:<\/p>\n<p><b>a)<\/b>  \u00d6d\u00fcl alan kat\u0131l\u0131mc\u0131lar ile \u00c7a\u011fr\u0131l\u0131 Se\u00e7ki&#x27;ye se\u00e7ilen foto\u011fraf\u00e7\u0131lar, Ek-5&#x27;teki Eser Sahibi Kullan\u0131m \u0130zni&#x27;ni \u0131slak imzayla veya g\u00fcvenli elektronik imzayla imzalayarak D\u00fczenleyici&#x27;ye iletir;<\/p>\n<p><b>b)<\/b>  Yaln\u0131zca sergileme kapsam\u0131na al\u0131nan kat\u0131l\u0131mc\u0131lar bak\u0131m\u0131ndan izin, kat\u0131l\u0131mc\u0131n\u0131n ba\u015fvuruda bildirdi\u011fi e-posta adresine g\u00f6nderilen ve izin kapsam\u0131 ile s\u00fcresi ayr\u0131 ayr\u0131 g\u00f6sterilen onay ba\u011flant\u0131s\u0131n\u0131n kat\u0131l\u0131mc\u0131 taraf\u0131ndan teyit edilmesiyle verilir; teyit kayd\u0131 tarih, saat ve IP bilgisiyle saklan\u0131r;<\/p>\n<p><b>c)<\/b>  (a) bendindeki belgeyi, kendisine yap\u0131lan bildirimden itibaren 5 (be\u015f) g\u00fcn i\u00e7inde iletmeyen kat\u0131l\u0131mc\u0131n\u0131n eseri sergilenmez ve e-katalogda yay\u0131mlanmaz; \u00f6d\u00fcl hakk\u0131 bundan etkilenmez;<\/p>\n<p><b>d)<\/b>  \u00c7a\u011fr\u0131l\u0131 Se\u00e7ki foto\u011fraf\u00e7\u0131lar\u0131na \u00f6denecek telif bedeli, (a) bendindeki belge D\u00fczenleyici&#x27;ye ula\u015fmadan \u00f6denmez.<\/p>\n<h3>16. K\u0130\u015e\u0130SEL VER\u0130LER\u0130N KORUNMASI<\/h3>\n<p><b>16.1.<\/b> Ki\u015fisel verilerin i\u015flenmesine ili\u015fkin esaslar, i\u015fbu \u015eartname&#x27;nin <b>Ek-2<\/b>&#x27;si olan <b>KVKK Ayd\u0131nlatma Metni<\/b>&#x27;nde d\u00fczenlenmi\u015ftir. Kat\u0131l\u0131mc\u0131, ba\u015fvuru s\u0131ras\u0131nda bu metni okudu\u011funu beyan eder.<\/p>\n<p><b>16.2. Veri sorumlusu<\/b>, ATF T\u00fcrkiye \u2013 Uluslararas\u0131 Antalya Turizm Fuar\u0131&#x27;n\u0131 d\u00fczenleyen <b>[GMT Fuarc\u0131l\u0131k Limited \u015eirketi<\/b>&#x27;dir.<\/p>\n<p><b>16.3.<\/b> \u00d6d\u00fcl alan, sergilenen ve se\u00e7kiye giren kat\u0131l\u0131mc\u0131lar\u0131n ad\u0131, soyad\u0131, yay\u0131n kurulu\u015fu ve eser bilgileri kamuya a\u00e7\u0131klan\u0131r. Bu a\u00e7\u0131klama, kat\u0131l\u0131mc\u0131n\u0131n ba\u015fvurmakla kabul etti\u011fi i\u015fbu \u015eartname&#x27;nin ifas\u0131 kapsam\u0131nda olup <b>ayr\u0131ca a\u00e7\u0131k r\u0131za \u015fart\u0131na ba\u011fl\u0131 de\u011fildir<\/b> (bkz. Ek-2, B\u00f6l\u00fcm A.4).<\/p>\n<p><b>16.4.<\/b> Kat\u0131l\u0131mc\u0131, eserinde yer alan \u00fc\u00e7\u00fcnc\u00fc ki\u015filerin ki\u015fisel verilerine ili\u015fkin gerekli tedbirleri almakla y\u00fck\u00fcml\u00fcd\u00fcr (bkz. Md. 13.4).<\/p>\n<h3>17. TAKV\u0130M<\/h3>\n<table style=\"border-collapse:collapse;width:100%;margin:12px 0;font-size:14px;\">\n<tbody>\n<tr>\n<td style=\"border:1px solid #cfcfcf;padding:6px 9px;vertical-align:top;\"><b>A\u015fama<\/b><\/td>\n<td style=\"border:1px solid #cfcfcf;padding:6px 9px;vertical-align:top;\"><b>Tarih<\/b><\/td>\n<\/tr>\n<tr>\n<td style=\"border:1px solid #cfcfcf;padding:6px 9px;vertical-align:top;\">Program\u0131n duyurulmas\u0131, \u00c7a\u011fr\u0131l\u0131 Se\u00e7ki davetleri<\/td>\n<td style=\"border:1px solid #cfcfcf;padding:6px 9px;vertical-align:top;\"><b>1 Eyl\u00fcl 2026<\/b><\/td>\n<\/tr>\n<tr>\n<td style=\"border:1px solid #cfcfcf;padding:6px 9px;vertical-align:top;\"><b>Her iki dalda ba\u015fvurular\u0131n a\u00e7\u0131lmas\u0131<\/b><\/td>\n<td style=\"border:1px solid #cfcfcf;padding:6px 9px;vertical-align:top;\"><b>1 Eyl\u00fcl 2026<\/b><\/td>\n<\/tr>\n<tr>\n<td style=\"border:1px solid #cfcfcf;padding:6px 9px;vertical-align:top;\"><b>Her iki dalda son ba\u015fvuru<\/b><\/td>\n<td style=\"border:1px solid #cfcfcf;padding:6px 9px;vertical-align:top;\"><b>11 Ekim 2026, saat 23.00<\/b><\/td>\n<\/tr>\n<tr>\n<td style=\"border:1px solid #cfcfcf;padding:6px 9px;vertical-align:top;\">Sekretarya teknik ve belge kontrol\u00fc, kodlama<\/td>\n<td style=\"border:1px solid #cfcfcf;padding:6px 9px;vertical-align:top;\">[12\u201314 Ekim 2026]<\/td>\n<\/tr>\n<tr>\n<td style=\"border:1px solid #cfcfcf;padding:6px 9px;vertical-align:top;\"><b>Se\u00e7ici Kurul toplant\u0131s\u0131 (her iki dal + J\u00fcri \u00d6zel \u00d6d\u00fcl\u00fc)<\/b><\/td>\n<td style=\"border:1px solid #cfcfcf;padding:6px 9px;vertical-align:top;\"><b>[12 Ekim 2026]<\/b><\/td>\n<\/tr>\n<tr>\n<td style=\"border:1px solid #cfcfcf;padding:6px 9px;vertical-align:top;\"><b>\u00d6D\u00dcL T\u00d6REN\u0130 ve SONU\u00c7LARIN A\u00c7IKLANMASI<\/b><\/td>\n<td style=\"border:1px solid #cfcfcf;padding:6px 9px;vertical-align:top;\"><b>[27] Ekim 2026<\/b> <i>(26\u201328 Ekim i\u00e7inden belirlenir)<\/i><\/td>\n<\/tr>\n<\/tbody>\n<\/table>\n<p><b>17.1. Sonu\u00e7lar\u0131n a\u00e7\u0131klanmas\u0131.<\/b> Sonu\u00e7lar, ATF T\u00fcrkiye kapsam\u0131nda d\u00fczenlenecek <b>\u00f6d\u00fcl t\u00f6reninde<\/b> a\u00e7\u0131klan\u0131r. T\u00f6ren ile ayn\u0131 g\u00fcn, sonu\u00e7lar ve <b>Se\u00e7ici Kurul de\u011ferlendirme tutana\u011f\u0131<\/b> D\u00fczenleyici&#x27;nin web sitesinde yay\u0131mlan\u0131r.<\/p>\n<p><b>17.2. Sonu\u00e7lar\u0131n gizlili\u011fi.<\/b> Se\u00e7ici Kurul kararlar\u0131, \u00f6d\u00fcl t\u00f6reni an\u0131na kadar <b>gizlidir.<\/b> Bu gizlilik; Program Sekretaryas\u0131, Program Y\u00fcr\u00fctmesi, Se\u00e7ici Kurul \u00fcyeleri ve sonu\u00e7lara eri\u015fimi olan t\u00fcm \u00fc\u00e7\u00fcnc\u00fc taraflar (bask\u0131, tasar\u0131m, plaket ve organizasyon tedarik\u00e7ileri dahil) i\u00e7in ba\u011flay\u0131c\u0131d\u0131r. Tedarik\u00e7ilerden <b>yaz\u0131l\u0131 gizlilik taahh\u00fcd\u00fc<\/b> al\u0131n\u0131r.<\/p>\n<p><b>17.3. Finalist listesi (opsiyonel).<\/b> D\u00fczenleyici, \u00f6d\u00fcl s\u0131ralamas\u0131n\u0131 a\u00e7\u0131klamaks\u0131z\u0131n sergilenecek eser listesini t\u00f6ren \u00f6ncesinde duyurmaya karar verebilir. Bu karar, program\u0131n duyurusuyla birlikte ilan edilir; sonradan getirilemez.<\/p>\n<h3>18. SERG\u0130, e-KATALOG VE \u00d6D\u00dcL T\u00d6REN\u0130<\/h3>\n<p><b>18.1.<\/b> Sergilenmeye de\u011fer bulunan eserler, \u00f6d\u00fcl alan eserler ve \u00c7a\u011fr\u0131l\u0131 Se\u00e7ki, ATF T\u00fcrkiye kapsam\u0131nda ANFA\u015e Antalya Fuar ve Kongre Merkezi&#x27;nde sergilenebilir. Bu konu organizat\u00f6r\u00fcn inisiyatifine g\u00f6re iptal edilebilir.<\/p>\n<p><b>18.7.<\/b> \u00d6d\u00fcl t\u00f6reninin g\u00fcn\u00fc, yeri ve saati program\u0131n duyurusuyla ilan edilir. M\u00fccbir sebeple t\u00f6ren yap\u0131lamazsa sonu\u00e7lar ayn\u0131 g\u00fcn dijital mecralardan duyurulur; plaket ve onur belgeleri kargoyla g\u00f6nderilir.<\/p>\n<h3>19. D\u0130\u011eER H\u00dcK\u00dcMLER<\/h3>\n<p><b>19.1.<\/b> D\u00fczenleyici; e-posta ve \u00f6d\u00fcl g\u00f6nderiminde \u00f6zen g\u00f6sterir, ancak kargo\/posta gecikme ve hasarlar\u0131ndan sorumlu tutulamaz.<\/p>\n<p><b>19.2.<\/b> Kat\u0131l\u0131mc\u0131lar, ba\u015fvuruda bildirdikleri adres ve e-postan\u0131n tebligata esas adresleri oldu\u011funu; de\u011fi\u015fiklik halinde <b>10 (on) g\u00fcn<\/b> i\u00e7inde bildireceklerini kabul eder.<\/p>\n<p><b>19.3.<\/b> D\u00fczenleyici, gerekli g\u00f6rd\u00fc\u011f\u00fc hallerde program\u0131n tamam\u0131n\u0131n veya bir k\u0131sm\u0131n\u0131n <b>ertelenmesine ya da iptaline<\/b> karar verebilir; takvim ve de\u011ferlendirmeye ili\u015fkin de\u011fi\u015fiklik yapabilir. De\u011fi\u015fiklikler web sitesinden duyurulur ve kat\u0131l\u0131mc\u0131lara e-posta ile bildirilir.<\/p>\n<p><b>19.4.<\/b> \u015eartnamede d\u00fczenlenmemi\u015f hususlarda Program Y\u00fcr\u00fctmesi ve Se\u00e7ici Kurul kararlar\u0131 uygulan\u0131r. De\u011ferlendirmeye ve \u015eartname&#x27;nin uygulanmas\u0131na ili\u015fkin itirazlar Madde 12.3&#x27;teki usule tabidir. Kat\u0131l\u0131mc\u0131n\u0131n yarg\u0131 yoluna ba\u015fvurma hakk\u0131 sakl\u0131d\u0131r.<\/p>\n<p><b>19.5.<\/b> Kat\u0131l\u0131mc\u0131lar, ba\u015fvuru formunu doldurup eserlerini y\u00fcklemekle i\u015fbu \u015eartname&#x27;yi okumu\u015f, anlam\u0131\u015f ve t\u00fcm h\u00fck\u00fcmlerini kabul etmi\u015f say\u0131l\u0131r. \u015eartname, eserlerin g\u00f6nderilmesiyle y\u00fcr\u00fcrl\u00fc\u011fe girer.<\/p>\n<p><b>19.6.<\/b> \u015eartname&#x27;nin T\u00fcrk\u00e7e metni esast\u0131r.<\/p>\n<p><b>19.7.<\/b> Uyu\u015fmazl\u0131klarda Antalya Mahkemeleri ve Antalya \u0130cra Daireleri yetkilidir. 6100 say\u0131l\u0131 Hukuk Muhakemeleri Kanunu&#x27;nun yetki s\u00f6zle\u015fmesine ili\u015fkin s\u0131n\u0131rlar\u0131 sakl\u0131 olup bu h\u00fck\u00fcm, kanundan do\u011fan genel yetki kurallar\u0131n\u0131 ortadan kald\u0131rmaz.<\/p>\n<h3>20. \u0130LET\u0130\u015e\u0130M<\/h3>\n<p><b>Program Sekretaryas\u0131 \u2014 ATF T\u00fcrkiye<br \/>\n<\/b>Adres: GMT Fuarc\u0131l\u0131k \u2014 \u00c7a\u011flayan Mah. 2039\/1 Sk. Bal Plaza Kat: 5 No: 11, Muratpa\u015fa \/ ANTALYA<br \/>\nTelefon: (0242) 316 22 99<br \/>\nE-posta: info@antalyaturizmfuari.com <br \/>\nWeb: antalyaturizmfuari.com<\/p>\n<h3>EKLER<\/h3>\n<p>Ek-1: \u00c7a\u011fr\u0131l\u0131 Se\u00e7ki Davet Mektubu ve Kullan\u0131m \u0130zni S\u00f6zle\u015fmesi<\/p>\n<p><b>Ek-2:<\/b> <b>KVKK Ayd\u0131nlatma Metni ve A\u00e7\u0131k R\u0131za Beyan\u0131<\/b> <i>(bkz. <\/i><i>06-KVKK-Aydinlatma-ve-Acik-Riza<\/i><i>)<\/i><\/p>\n<p><b>Ek-3:<\/b> Muvafakatname \u2014 eserde yer alan ki\u015filer i\u00e7in<\/p>\n<p><b>Ek-4:<\/b> Bas\u0131n Belgesi Beyan Formu<\/p>\n<p>Ek-5: Eser Sahibi Kullan\u0131m \u0130zni ve Taahh\u00fctnamesi (Md. 15.10)<\/p>\n<p>Ek-6: Se\u00e7ici Kurul \u00c7\u0131kar \u00c7at\u0131\u015fmas\u0131, Gizlilik ve Veri \u0130\u015fleme Beyan Formu<\/p>\n<h4>\ud83d\udcac Yay\u0131ndan \u00f6nce doldurulacaklar<\/h4>\n<p>\u2610\u00a0 D\u00fczenleyici t\u00fczel ki\u015finin tam unvan\u0131 ve adresi (Md. 1, 16.2, 20)<\/p>\n<p>\u2610\u00a0 <b>Se\u00e7ici Kurul \u00fcyelerinin adlar\u0131 ve be\u015f kurumdan yaz\u0131l\u0131 onay<\/b> (Md. 12.1, 12.7)<\/p>\n<p>\u2610\u00a0 Kurul Ba\u015fkan\u0131 ve yedek \u00fcyeler (Md. 12.1)<\/p>\n<p>\u2610\u00a0 Mansiyon say\u0131lar\u0131 ve sergileme adedi (Md. 11)<\/p>\n<p>\u2610\u00a0 \u00c7a\u011fr\u0131l\u0131 Se\u00e7ki davetli say\u0131s\u0131 ve telif bedeli (Md. 10-A)<\/p>\n<p>\u2610\u00a0 Televizyon\/video s\u00fcre s\u0131n\u0131r\u0131 (Md. 4.3)<\/p>\n<p>\u2610\u00a0 Eser say\u0131s\u0131 limitleri (Md. 3.6 ve 6.5)<\/p>\n<p>\u2610\u00a0 Ba\u015fvuru formu adresi (Md. 10.1)<\/p>\n<p>\u2610\u00a0 <b>\u00d6d\u00fcl t\u00f6reni g\u00fcn\u00fc: 26, 27 veya 28 Ekim<\/b> (Md. 17)<\/p>\n<p>\u2610\u00a0 Finalist listesi duyurulacak m\u0131 (Md. 17.3)<\/p>\n<p>\u2610\u00a0 Ek-1 ila Ek-6&#x27;n\u0131n haz\u0131rlanmas\u0131<\/p>\n<p>\u2610\u00a0 <b>Hukuk m\u00fc\u015faviri onay\u0131<\/b> \u2014 \u00f6zellikle Md. 13, 14, 15, 16 ve Ek-2<\/p>\n<p>\u2610\u00a0 Ek-5 yaz\u0131l\u0131 kullan\u0131m izni ak\u0131\u015f\u0131n\u0131n ba\u015fvuru sistemine kurulmas\u0131 (Md. 15.10)<\/p>\n<p>\u2610\u00a0 Se\u00e7ici Kurul \u00fcyeleriyle gizlilik ve veri i\u015fleme taahh\u00fcd\u00fcn\u00fcn imzalanmas\u0131 (Ek-6)<\/p>\n<p>\u2610\u00a0 Tedarik s\u00f6zle\u015fmelerine gizlilik ve veri i\u015fleme maddesinin eklenmesi (Md. 15.5, 17.2)<\/p>\n<p>\u2610\u00a0 \u00c7a\u011fr\u0131l\u0131 Se\u00e7ki telif bedelinde stopaj ve belge d\u00fczeninin mali m\u00fc\u015favirle netle\u015ftirilmesi (Md. 10-A.4)<\/p>\n<p>\u2610\u00a0 Program ad\u0131 ve \u00f6d\u00fcl adlar\u0131 i\u00e7in marka ba\u015fvurusunun de\u011ferlendirilmesi<\/p>\n<p>ATF T\u00fcrkiye \u2014 Uluslararas\u0131 Antalya Turizm Fuar\u0131\u00a0 \u00a0 \u00a0 \u00a0 PAGE1 \/ NUMPAGES1<\/p>\n","protected":false},"excerpt":{"rendered":"<p>TUR\u0130ZM MEDYA \u00d6D\u00dcLLER\u0130 2026 YILIN TUR\u0130ZM HABER\u0130 \u00b7 YILIN TUR\u0130ZM FOTO\u011eRAFI PROGRAM \u015eARTNAMES\u0130 D\u00fczenleyen: ATF T\u00fcrkiye \u2013 Uluslararas\u0131 Antalya Turizm Fuar\u0131 GMT Fuarc\u0131l\u0131k Limited \u015eirketi 1. PROGRAMIN ADI VE YAPISI Program\u0131n ad\u0131 &quot;Turizm Medya \u00d6d\u00fclleri 2026&quot;dir. Program ATF T\u00fcrkiye \u2013 Uluslararas\u0131 Antalya Turizm Fuar\u0131 taraf\u0131ndan d\u00fczenlenir; bu metinde &quot;D\u00fczenleyici&quot; olarak an\u0131l\u0131r. Programa en az bir [&hellip;]<\/p>\n","protected":false},"author":0,"featured_media":0,"parent":0,"menu_order":0,"comment_status":"closed","ping_status":"closed","template":"","meta":{"footnotes":""},"class_list":["post-3350","page","type-page","status-publish","hentry"],"jetpack_sharing_enabled":true,"_links":{"self":[{"href":"https:\/\/atfantalya.com\/de\/wp-json\/wp\/v2\/pages\/3350","targetHints":{"allow":["GET"]}}],"collection":[{"href":"https:\/\/atfantalya.com\/de\/wp-json\/wp\/v2\/pages"}],"about":[{"href":"https:\/\/atfantalya.com\/de\/wp-json\/wp\/v2\/types\/page"}],"replies":[{"embeddable":true,"href":"https:\/\/atfantalya.com\/de\/wp-json\/wp\/v2\/comments?post=3350"}],"version-history":[{"count":0,"href":"https:\/\/atfantalya.com\/de\/wp-json\/wp\/v2\/pages\/3350\/revisions"}],"wp:attachment":[{"href":"https:\/\/atfantalya.com\/de\/wp-json\/wp\/v2\/media?parent=3350"}],"curies":[{"name":"wp","href":"https:\/\/api.w.org\/{rel}","templated":true}]}}